{"id":612,"date":"2014-09-09T01:06:51","date_gmt":"2014-09-09T01:06:51","guid":{"rendered":"http:\/\/www.todoelderecho.com.ar\/campus\/?page_id=612"},"modified":"2021-01-20T14:24:35","modified_gmt":"2021-01-20T14:24:35","slug":"proteccion-en-casos-de-violencia-familiar","status":"publish","type":"page","link":"https:\/\/www.todoelderecho.com.ar\/campus\/proteccion-en-casos-de-violencia-familiar\/","title":{"rendered":"Curso de Protecci\u00f3n en casos de Violencia Familiar"},"content":{"rendered":"<p style=\"text-align: justify;\">El curso est\u00e1 dirigido a profesionales, abogados, estudiantes de Derecho, profesiones a fines y p\u00fablico en general con inter\u00e9s en el abordaje y estudio de la problem\u00e1tica de los casos de VIOLENCIA FAMILIAR. Se estudiar\u00e1 la tem\u00e1tica desde un punto de vista acad\u00e9mico y te\u00f3rico. Trat\u00e1ndose de una formaci\u00f3n cursada online, el alumno podr\u00e1 adaptar los horarios de trabajo seg\u00fan le sea m\u00e1s eficaz. Podr\u00e1s acceder, descargar e imprimir tanto los contenidos del curso como el material de estudio complementario que ponemos a disposici\u00f3n de los alumnos las 24hs, desde cualquier computadora con conexi\u00f3n a internet.<\/p>\n<p style=\"text-align: justify;\">Modalidad:<br \/>\nOn-line mediante el uso de una plataforma tecnol\u00f3gica de \u00faltima generaci\u00f3n. El curso tiene 4 m\u00f3dulos en formato texto, es de autoaprendizaje y se realiza por internet. Los participantes podr\u00e1n conectarse cuando deseen sin restricciones de d\u00edas ni horarios. El alumno tendr\u00e1 acceso al material de estudio y a las actividades que podr\u00e1 utilizar desde su computadora, bajarlo o imprimirlo. La capacitaci\u00f3n se realiza de manera autoevaluativa y las actividades se autocorrigen. Con la finalizaci\u00f3n del \u00faltimo m\u00f3dulo el alumno podr\u00e1 solicitar su certificado de participaci\u00f3n y lo recibir\u00e1 en formato digital por correo electr\u00f3nico.<\/p>\n<p style=\"text-align: justify;\">Material de estudio:<br \/>\nPonemos a disposici\u00f3n de los alumnos fallos, legislaci\u00f3n y modelos de escritos para el ejercicio profesional.<\/p>\n<p style=\"text-align: justify;\" align=\"JUSTIFY\">Medios de pago:<br \/>\nArancel del curso\u00a0completo: $3800 pesos finales<br \/>\nPagoFacil \u2013 Tarjeta de cr\u00e9dito y\/o d\u00e9bito \u2013 Transferencia electr\u00f3nica \u2013 Dep\u00f3sito bancario.<\/p>\n<p align=\"JUSTIFY\"><strong>PROGRAMA DEL CURSO<\/strong><\/p>\n<p align=\"JUSTIFY\"><strong>M\u00d3DULO\u00a0<\/strong><strong>I<\/strong><\/p>\n<p>NOCIONES CONCEPTUALES<\/p>\n<p>Algunas herramientas conceptuales para los profesionales<br \/>\nLa socializaci\u00f3n gen\u00e9rica<br \/>\nEl modelo ecol\u00f3gico-sist\u00e9mico<br \/>\nNivel del macrosistema<br \/>\nNivel del exosistema<br \/>\nNivel del microsistema<br \/>\nNivel individual<br \/>\nLos obst\u00e1culos externos e internos<br \/>\nConocimiento de los mitos sobre violencia familiar<br \/>\nEl ciclo de la violencia<br \/>\nEl s\u00edndrome de indefensi\u00f3n aprendida<br \/>\nConcepto de G\u00e9nero<br \/>\nConcepto de patriarcado<br \/>\nConcepto de violencia Familiar<br \/>\nConcepto de maltrato a ancianos<br \/>\nConcepto de familia donde se ejerce violencia<br \/>\nEmpoderamiento<br \/>\nASPECTOS NORMATIVOS NACIONALES E INTERNACIONALES<br \/>\nMarco nacional<br \/>\na) La Constituci\u00f3n Nacional<br \/>\nb) La Constituci\u00f3n de la Ciudad Aut\u00f3noma de Buenos Aires<br \/>\nc) El C\u00f3digo Civil<br \/>\nd) El Proyecto de reforma del C\u00f3digo Civil<br \/>\ne) Las leyes de protecci\u00f3n contra la violencia familiar<br \/>\nf) El C\u00f3digo Procesal Civil y Comercial de la Naci\u00f3n<br \/>\ng) Los Decretos reglamentarios de las leyes de protecci\u00f3n contra la violencia<br \/>\nMarco internacional<br \/>\na) La ubicaci\u00f3n de los instrumentos en nuestro ordenamiento<br \/>\nb) La menci\u00f3n de algunos art\u00edculos de los instrumentos internacionales de protecci\u00f3n de los derechos humanos relacionados con la tem\u00e1tica<br \/>\nc) Instrumentos espec\u00edficos sobre la tem\u00e1tica<br \/>\nEL ROL DEL ABOGADO EN SITUACIONES DE VIOLENCIA FAMILIAR<br \/>\nEl abogado familiarista<br \/>\nPrincipios b\u00e1sicos a tener en cuenta<br \/>\nFormas de trabajo en el campo de situaciones de violencia familiar<br \/>\na) El abogado que trabaja de manera particular<br \/>\nb) El abogado que trabaja en relaci\u00f3n de dependencia<br \/>\nLa relaci\u00f3n con otros procedimientos<br \/>\nEL \u00c1MBITO DE ACTUACI\u00d3N DEL JUEZ<br \/>\nEl perfil del juez<br \/>\nLos poderes de hecho de los jueces en el caso de las medidas cautelares<br \/>\nDeberes y facultades de los jueces<br \/>\na) Inmediaci\u00f3n<br \/>\nb) Celeridad y rapidez en la toma de las decisiones<br \/>\nc) Fundamentaci\u00f3n<br \/>\nd) Direcci\u00f3n del procedimiento<br \/>\ne) Controlar la conducta de las partes<br \/>\nf) Economizar recursos<br \/>\ng) Oficiosidad y Amplitud<br \/>\nLA ENTREVISTA EN LA TEM\u00c1TICA<br \/>\nLa entrevista con la v\u00edctima<br \/>\nLa familia y su relaci\u00f3n con la entrevista<br \/>\nLa importancia de la entrevista<br \/>\nLa presentaci\u00f3n de la consultante<br \/>\nTipos de preguntas<br \/>\nEl trabajo de los profesionales de distintas disciplinas<br \/>\nLa entrevista con el victimario: gestos y actitudes<\/p>\n<p>&nbsp;<\/p>\n<p><strong>M\u00d3DULO II<\/strong><br \/>\nCONSIDERACIONES GENERALES SOBRE LAS MEDIDAS CAUTELARES<br \/>\nMedidas cautelares en el derecho de familia<br \/>\nCaracteres espec\u00edficos de las medidas cautelares<br \/>\nLa necesidad de la iniciaci\u00f3n de una ulterior cuesti\u00f3n de fondo<br \/>\nClasificaci\u00f3n de las medidas cautelares<br \/>\nMedidas cautelares propias de los procesos de familia<br \/>\nPresupuestos comunes de las medidas cautelares<br \/>\nVerosimilitud del derecho<br \/>\nCauci\u00f3n o Contracautela<br \/>\nPeligro en la demora<br \/>\nR\u00e9gimen de caducidad<br \/>\nEL CONCEPTO DE VIOLENCIA Y LAS MEDIDAS CAUTELARES<br \/>\nEl concepto de violencia relacionado con las medidas cautelares<br \/>\nTipos de violencia conforme la ley 24.417, 12.569 y 26.485<br \/>\nViolencia F\u00edsica<br \/>\nViolencia Psicol\u00f3gica<br \/>\nViolencia Sexual<br \/>\nViolencia Econ\u00f3mica y patrimonial<br \/>\nModalidades de violencia<br \/>\nEspecialidad de este tipo de medidas cautelares<br \/>\nEl tipo de procedimiento<br \/>\nLos bienes jur\u00eddicos a proteger<br \/>\nLa labor especial del juez<br \/>\nLa innecesariedad del inicio de una posterior cuesti\u00f3n de fondo<br \/>\nLa actuaci\u00f3n del personal policial<br \/>\nLEGITIMACI\u00d3N ACTIVA Y PASIVA PARA DENUNCIAR<br \/>\nLos legitimados activos a denunciar<br \/>\nLa mujer<br \/>\nEl hombre<br \/>\nLos ni\u00f1os, ni\u00f1as y adolescentes<br \/>\nAncianos<br \/>\nLas personas con necesidades especiales<br \/>\nLos representantes legales<br \/>\nEl Ministerio P\u00fablico<br \/>\nCaracteres de los dict\u00e1menes<br \/>\nLos servicios de profesionales<br \/>\nLos terceros<br \/>\nLos legitimados pasivos<br \/>\nLA DENUNCIA DE VIOLENCIA FAMILIAR<br \/>\nNaturaleza del procedimiento<br \/>\nAn\u00e1lisis doctrinal<br \/>\nLa necesidad de la intervenci\u00f3n de un patrocinio letrado<br \/>\nLa gratuidad del procedimiento<br \/>\nCompetencia<br \/>\nLa importancia de su tratamiento<br \/>\nSu relaci\u00f3n con la denuncia<br \/>\nLa menci\u00f3n en las leyes de protecci\u00f3n<br \/>\nLa aplicaci\u00f3n supletoria del C\u00f3digo Procesal<br \/>\nConexidad y acumulaci\u00f3n<br \/>\na) Ventajas y conveniencias<br \/>\nb) La conexidad en el c\u00f3digo de forma<br \/>\nc) La conexidad en situaciones de violencia familiar<br \/>\nLa denuncia en las leyes de protecci\u00f3n<br \/>\na) Concepto simple para la pr\u00e1ctica profesional<br \/>\nb) Concepto de denuncia civil acorde a las leyes de protecci\u00f3n contra la violencia familiar<br \/>\nc) Concepto de denuncia penal contravencional<br \/>\nd) Concepto de denuncia penal ante el Juzgado Penal de instrucci\u00f3n o correccional<br \/>\ne) Recursos donde denunciar<br \/>\nOficina de violencia dom\u00e9stica (OVD)<br \/>\nComisar\u00eda s de la Mujer y de la Familia<br \/>\nFiscal\u00eda de G\u00e9nero<br \/>\nComisar\u00edas<br \/>\nASPECTOS GENERALES DE LAS MEDIDAS CAUTELARES EN SITUACIONES DE VIOLENCIA FAMILIAR<br \/>\nLos cambios en la familia<br \/>\nLa justicia de familia<br \/>\nDi\u00e1logo e interdisciplina<br \/>\nNecesidad de las medidas cautelares en este contexto<br \/>\nPRESUPUESTOS DE ADMISIBILIDAD DE LAS MEDIDAS CAUTELARES EN SITUACIONES DE VIOLENCIA FAMILIAR<br \/>\nRequisitos de procedencia de las medidas cautelares en violencia familiar<br \/>\na) Verosimilitud de la denuncia<br \/>\nb) Peligro en la demora<br \/>\nc) Cauci\u00f3n o Contracautela<\/p>\n<p><strong>M\u00d3DULO III<\/strong><br \/>\nASPECTOS PROCESALES DE LAS MEDIDAS CAUTELARES EN SITUACIONES DE VIOLENCIA FAMILIARConcepto de las medidas cautelares en violencia familiar<br \/>\na) Rasgos generales de los procesos de familia, especialmente el de violencia familiar<br \/>\nb) La definici\u00f3n de las medidas cautelares en este procedimiento<br \/>\nc.) Caracteres de las medidas autosatisfactivas<br \/>\nLos principios procesales relacionados al procedimiento de violencia familiar<br \/>\na) El principio de disposici\u00f3n de los hechos<br \/>\nb) El principio de congruencia<br \/>\nc) El principio de disposici\u00f3n de las pruebas<br \/>\nd) El principio de \u201cfavorprobationem\u201d<br \/>\ne) El principio de inmediaci\u00f3n del juez<br \/>\nf) El principio de celeridad en las actuaciones<br \/>\ng) El principio de econom\u00eda procesal<br \/>\nh) El principio de bilateralidad de la audiencia<br \/>\nLa menci\u00f3n de las medidas cautelares en las leyes de protecci\u00f3n contra la violencia familiar<br \/>\nEl momento de pedir la medida<br \/>\nLas leyes civiles de protecci\u00f3n contra la violencia familiar<br \/>\nOtros instrumentos normativos<br \/>\n\u00c1mbito de la Provincia de Buenos Aires<br \/>\nLa posibilidad de solicitar la ampliaci\u00f3n o modificaci\u00f3n de las medidas<br \/>\nLas leyes de protecci\u00f3n contra la violencia familiar<br \/>\nEl C\u00f3digo Procesal<br \/>\nLa innecesariedad de la intervenci\u00f3n de la parte contraria en estos supuestos<br \/>\nLas leyes de protecci\u00f3n contra la violencia familiar<br \/>\nEl C\u00f3digo Procesal<br \/>\nJurisprudencia<br \/>\nEl plazo de las medidas<br \/>\nLas leyes de protecci\u00f3n contra la violencia familiar<br \/>\nI ) Plazo del juez para decidir<br \/>\n2) Vigencia de las medidas<br \/>\nc) El C\u00f3digo Procesal<br \/>\nLa pr\u00f3rroga de las medidas<br \/>\nb) La menci\u00f3n en las leyes de protecci\u00f3n contra la violencia familiar<br \/>\nc) Diferentes situaciones<br \/>\nLa caducidad de las medidas<br \/>\nb) El r\u00e9gimen de caducidad en esta tem\u00e1tica<br \/>\nc) El C\u00f3digo Procesal<br \/>\nd) La cuesti\u00f3n del art. 12 de la ley 12.569<br \/>\nMEDIDAS CAUTELARES EN CASO DE NI\u00d1OS, NI\u00d1AS Y ADOLESCENTES<br \/>\nConcepto de maltrato infantil<br \/>\nParticularidades de estas medidas<br \/>\nPlanteamiento del problema<br \/>\nHerramientas normativas nacionales, provinciales e internacionales<br \/>\nLas leyes de ni\u00f1ez y adolescencia<br \/>\nLa ley de protecci\u00f3n integral 26.061<br \/>\nLa ley de protecci\u00f3n<br \/>\nLa ley de Provincia de Buenos Aires 13.298<br \/>\nLa Convenci\u00f3n de los Derechos del Ni\u00f1o<br \/>\nConcepto de las medidas cautelares que establecen las leyes de protecci\u00f3n de los derechos del NNyA<br \/>\nLas leyes de protecci\u00f3n contra la violencia, la ni\u00f1ez y la adolescencia<br \/>\na) Finalidad de las leyes de protecci\u00f3n en casos de NNyA<br \/>\nb) La menci\u00f3n de los ni\u00f1os en las leyes de protecci\u00f3n contra 1a. violencia familiar<br \/>\nc.) El inter\u00e9s superior del ni\u00f1o en casos de violencia familiar<br \/>\nd) La figura del abogado del ni\u00f1o<br \/>\nAlgunos supuestos de medidas cautelares que involucran ni\u00f1os<br \/>\na) Prohibici\u00f3n de acercamiento<br \/>\nb) Prohibici\u00f3n de contacto<br \/>\nc) Exclusi\u00f3n del hogar<br \/>\nd) Reintegro al hogar<br \/>\ne) Guarda provisoria<\/p>\n<p><strong>M\u00d3DULO IV<\/strong><br \/>\nMEDIDAS PROTECTORAS ESPEC\u00cdFICAS<br \/>\nEl cese de la violencia<br \/>\nEl prop\u00f3sito de la medida<br \/>\nLa medida en las leyes de protecci\u00f3n<br \/>\nJurisprudencia<br \/>\nProhibici\u00f3n de acercamiento<br \/>\nAntecedentes<br \/>\nConcepto<br \/>\nProp\u00f3sito de la medida<br \/>\nLa menci\u00f3n de la medida en las leyes de protecci\u00f3n<br \/>\nAspectos pr\u00e1cticos de la medida<br \/>\nJurisprudencia<br \/>\nProhibici\u00f3n de contacto:<br \/>\na) Importancia<br \/>\nb) Concepto<br \/>\nc) Jurisprudencia<br \/>\nReintegro al hogar:<br \/>\na) Antecedentes<br \/>\nb) Prop\u00f3sito de la medida<br \/>\nc) La menci\u00f3n en las leyes de protecci\u00f3n<br \/>\nAspectos pr\u00e1cticos<br \/>\ne) Jurisprudencia<br \/>\nExclusi\u00f3n del hogar:<br \/>\na) Antecedentes<br \/>\nb) Prop\u00f3sito de la medida<br \/>\nc) Concepto<br \/>\nd) La menci\u00f3n en las leyes de protecci\u00f3n<br \/>\ne) Aspectos pr\u00e1cticos de la medida<br \/>\nJurisprudencia<br \/>\nProhibici\u00f3n de compra y tenencia de armas, secuestro:<br \/>\nb) Concepto de arma de fuego<br \/>\nc) Atenci\u00f3n del personal policial en Comisar\u00edas, V\u00eda P\u00fablica y Domicilios<br \/>\nd) La menci\u00f3n en las leyes de protecci\u00f3n<br \/>\nMedidas de asistencia m\u00e9dica y psicol\u00f3gica:<br \/>\na) Importancia de la medida<br \/>\nb) La menci\u00f3n en las leyes de protecci\u00f3n<br \/>\nRestituci\u00f3n de efectos personales:<br \/>\na) Importancia de la medida<br \/>\nb) La menci\u00f3n en las leyes de protecci\u00f3n<br \/>\nc) Jurisprudencia<br \/>\nGuarda provisoria:<br \/>\na) Concepto<br \/>\nb) Prop\u00f3sito de la medida<br \/>\nc) La menci\u00f3n en el C\u00f3digo Procesal<br \/>\nd) La menci\u00f3n en las leyes de protecci\u00f3n<br \/>\ne) Jurisprudencia<br \/>\nMedidas de seguridad:<br \/>\na) Importancia y concepto<br \/>\nb) La menci\u00f3n en las leyes de protecci\u00f3n<br \/>\nc) Labor del personal policial para asegurar el cumplimiento de las medidas de protecci\u00f3n dispuestas judicialmente<br \/>\nEl bot\u00f3n de p\u00e1nico<br \/>\na) Marco y \u00e1mbito de actuaci\u00f3n<br \/>\nb) Procedimiento de entrega<br \/>\nc) Aspectos pr\u00e1cticos<br \/>\nAlimentos provisorios<br \/>\nLos alimentos provisorios en contexto de violencia familiar<br \/>\nLa menci\u00f3n en las leyes de protecci\u00f3n<br \/>\nJurisprudencia<br \/>\nTenencia provisoria:<br \/>\na) Importancia de la medida<br \/>\nb) La menci\u00f3n en las leyes de protecci\u00f3n<br \/>\nc) Jurisprudencia<br \/>\nR\u00e9gimen de visitas. Comunicaci\u00f3n provisorio:<br \/>\nb) La suspensi\u00f3n del r\u00e9gimen de visitas en contextos de violencia familiar<br \/>\nc) Prop\u00f3sito de la medida<br \/>\nd) La menci\u00f3n en las leyes de protecci\u00f3n<br \/>\nJurisprudencia<br \/>\nLa medida gen\u00e9rica<br \/>\na) Importancia de la medida<br \/>\nb) La menci\u00f3n en las leyes de protecci\u00f3n<br \/>\nJurisprudencia<br \/>\nLa mediaci\u00f3n en este tipo de casos<br \/>\nOtras medidas<br \/>\nSANCIONES ANTE EL INCUMPLIMIENTO DE LAS MEDIDAS CAUTELARES<br \/>\nLa necesidad de asegurar el cumplimiento<br \/>\nLa menci\u00f3n de las sanciones en la normativa<br \/>\nEl delito de desobediencia<br \/>\nEl delito en el C\u00f3digo Penal<br \/>\nDebate sobre su aplicaci\u00f3n del delito especial a estos supuestos<br \/>\n1) Postura afirmativa<br \/>\n2) Postura negativa<br \/>\nJurisprudencia<br \/>\nProbation en casos de violencia familiar<br \/>\nLa normativa vigente<br \/>\nCaracter\u00edsticas del instituto<br \/>\nDelitos en los que procede y en los que se excluye su aplicaci\u00f3n<br \/>\nMomento a partir del cual procede disponer la suspensi\u00f3n<br \/>\nMomento hasta el cual procede disponer la suspensi\u00f3n<br \/>\nLa jurisprudencia<br \/>\nPARTE PR\u00c1CTICA<br \/>\nModelos de Escritos y Formularios<br \/>\n*EL MATERIAL DE ESTUDIO BRINDADO COMPRENDE JURISPRUDENCIA SOBRE LOS PUNTOS TRATADOS Y MODELOS DE PR\u00c1CTICA PROFESIONAL.<\/p>\n<p><span style=\"color: #ff0000;\">*Al comprar la inscripci\u00f3n al Curso recibir\u00e1 en su email el link del curso o taller, nombre de usuario y contrase\u00f1a asignado para acceder a las aulas.<\/span><\/p>\n<p style=\"text-align: left;\"><strong><span style=\"color: #993366;\">Inscripci\u00f3n al Curso:<\/span><\/strong><\/p>\n<p><span style=\"font-weight: normal; color: #444444;\">        <script type=\"text\/javascript\">\n         function cp_contactformtoemail_pform_doValidate_1(form)\n         {\n            document.cp_contactformtoemail_pform_1.cp_ref_page.value = document.location;\n            $dexQuery = jQuery.noConflict();            {\n                var cpefb_error = 0;\n                $dexQuery(\"#cp_contactformtoemail_pform_1\").find(\".cpefb_error\").each(function(index){\n                    if ($dexQuery(this).css(\"display\")!=\"none\")\n                        cpefb_error++;\n                    });\n                if (cpefb_error) return false;\n                if (document.cp_contactformtoemail_pform_1.cp_contactformtoemail_pform_status.value != '0')\n                           return false;\n                document.getElementById(\"refpage_1\").value = document.location;\n                cfte_blink(\".pbSubmit\");\n                document.cp_contactformtoemail_pform_1.cp_contactformtoemail_pform_status.value = '2';return true;            }\n         }\n         function cfte_blink(selector){\n                 try {\n                     $dexQuery = jQuery.noConflict();\n                     $dexQuery(selector).fadeOut(700, function(){\n                         $dexQuery(this).fadeIn(700, function(){\n                             try {\n                                 if (document.cp_contactformtoemail_pform_1.cp_contactformtoemail_pform_status.value != '0')\n                                     cfte_blink(this);\n                             } catch (e) {}\n                         });\n                     });\n                 } catch (e) {}\n         }\n         function cp_contactformtoemail_cerror_1(){$dexQuery = jQuery.noConflict();$dexQuery(\"#hdcaptcha_error_1\").css('top',$dexQuery(\"#hdcaptcha_cp_contactformtoemail_post_1\").outerHeight());$dexQuery(\"#hdcaptcha_error_1\").css(\"display\",\"inline\");}\n        <\/script>\n        <div id=\"cftedialog\" style=\"display:none;\"><\/div>\n        <form class=\"cpp_form no-prefetch\" name=\"cp_contactformtoemail_pform_1\" id=\"cp_contactformtoemail_pform_1\" action=\"\/campus\/proteccion-en-casos-de-violencia-familiar\/?ahbnocache=909967\" method=\"post\" enctype=\"multipart\/form-data\" onsubmit=\"return cp_contactformtoemail_pform_doValidate_1(this);\"><input type=\"hidden\" name=\"cp_pform_psequence\" value=\"_1\" \/><input type=\"hidden\" name=\"cp_contactformtoemail_pform_process\" value=\"1\" \/><input type=\"hidden\" name=\"cp_contactformtoemail_id\" value=\"23\" \/><input type=\"hidden\" name=\"cp_ref_page\" value=\"\" \/><input type=\"hidden\" name=\"form_structure_1\" id=\"form_structure_1\" size=\"180\" value=\"[[{&quot;name&quot;:&quot;fieldname1&quot;,&quot;index&quot;:0,&quot;title&quot;:&quot;Nombre y Apellido&quot;,&quot;required&quot;:true,&quot;shortlabel&quot;:&quot;&quot;,&quot;ftype&quot;:&quot;ftext&quot;,&quot;userhelp&quot;:&quot;&quot;,&quot;userhelpTooltip&quot;:&quot;&quot;,&quot;csslayout&quot;:&quot;&quot;,&quot;predefined&quot;:&quot;&quot;,&quot;predefinedClick&quot;:false,&quot;size&quot;:&quot;medium&quot;,&quot;minlength&quot;:&quot;&quot;,&quot;maxlength&quot;:&quot;&quot;,&quot;equalTo&quot;:&quot;&quot;},{&quot;name&quot;:&quot;email&quot;,&quot;index&quot;:1,&quot;title&quot;:&quot;Email&quot;,&quot;ftype&quot;:&quot;femail&quot;,&quot;userhelp&quot;:&quot;&quot;,&quot;csslayout&quot;:&quot;&quot;,&quot;required&quot;:true,&quot;predefined&quot;:&quot;&quot;,&quot;size&quot;:&quot;medium&quot;,&quot;shortlabel&quot;:&quot;&quot;,&quot;userhelpTooltip&quot;:&quot;&quot;,&quot;predefinedClick&quot;:false,&quot;equalTo&quot;:&quot;&quot;},{&quot;name&quot;:&quot;subject&quot;,&quot;index&quot;:2,&quot;title&quot;:&quot;Tel\\u00e9fono&quot;,&quot;required&quot;:true,&quot;ftype&quot;:&quot;ftext&quot;,&quot;userhelp&quot;:&quot;&quot;,&quot;csslayout&quot;:&quot;&quot;,&quot;predefined&quot;:&quot;&quot;,&quot;size&quot;:&quot;medium&quot;,&quot;shortlabel&quot;:&quot;&quot;,&quot;userhelpTooltip&quot;:&quot;&quot;,&quot;predefinedClick&quot;:false,&quot;minlength&quot;:&quot;&quot;,&quot;maxlength&quot;:&quot;&quot;,&quot;equalTo&quot;:&quot;&quot;},{&quot;name&quot;:&quot;fieldname2&quot;,&quot;index&quot;:3,&quot;title&quot;:&quot;Domicilio&quot;,&quot;required&quot;:true,&quot;shortlabel&quot;:&quot;&quot;,&quot;ftype&quot;:&quot;ftext&quot;,&quot;userhelp&quot;:&quot;&quot;,&quot;userhelpTooltip&quot;:&quot;&quot;,&quot;csslayout&quot;:&quot;&quot;,&quot;predefined&quot;:&quot;&quot;,&quot;predefinedClick&quot;:false,&quot;size&quot;:&quot;medium&quot;,&quot;minlength&quot;:&quot;&quot;,&quot;maxlength&quot;:&quot;&quot;,&quot;equalTo&quot;:&quot;&quot;},{&quot;name&quot;:&quot;fieldname3&quot;,&quot;index&quot;:4,&quot;title&quot;:&quot;Provincia y Localidad&quot;,&quot;shortlabel&quot;:&quot;&quot;,&quot;ftype&quot;:&quot;ftext&quot;,&quot;userhelp&quot;:&quot;&quot;,&quot;userhelpTooltip&quot;:&quot;&quot;,&quot;csslayout&quot;:&quot;&quot;,&quot;predefined&quot;:&quot;&quot;,&quot;predefinedClick&quot;:false,&quot;required&quot;:false,&quot;size&quot;:&quot;medium&quot;,&quot;minlength&quot;:&quot;&quot;,&quot;maxlength&quot;:&quot;&quot;,&quot;equalTo&quot;:&quot;&quot;},{&quot;name&quot;:&quot;fieldname4&quot;,&quot;index&quot;:5,&quot;title&quot;:&quot;C\\u00f3digo Postal&quot;,&quot;shortlabel&quot;:&quot;&quot;,&quot;ftype&quot;:&quot;ftext&quot;,&quot;userhelp&quot;:&quot;&quot;,&quot;userhelpTooltip&quot;:&quot;&quot;,&quot;csslayout&quot;:&quot;&quot;,&quot;predefined&quot;:&quot;&quot;,&quot;predefinedClick&quot;:false,&quot;required&quot;:false,&quot;size&quot;:&quot;medium&quot;,&quot;minlength&quot;:&quot;&quot;,&quot;maxlength&quot;:&quot;&quot;,&quot;equalTo&quot;:&quot;&quot;},{&quot;name&quot;:&quot;fieldname5&quot;,&quot;index&quot;:6,&quot;title&quot;:&quot;Profesi\\u00f3n&quot;,&quot;shortlabel&quot;:&quot;&quot;,&quot;ftype&quot;:&quot;ftext&quot;,&quot;userhelp&quot;:&quot;&quot;,&quot;userhelpTooltip&quot;:&quot;&quot;,&quot;csslayout&quot;:&quot;&quot;,&quot;predefined&quot;:&quot;&quot;,&quot;predefinedClick&quot;:false,&quot;required&quot;:false,&quot;size&quot;:&quot;medium&quot;,&quot;minlength&quot;:&quot;&quot;,&quot;maxlength&quot;:&quot;&quot;,&quot;equalTo&quot;:&quot;&quot;},{&quot;name&quot;:&quot;fieldname6&quot;,&quot;index&quot;:7,&quot;title&quot;:&quot;Elija su nombre de usuario&quot;,&quot;required&quot;:true,&quot;shortlabel&quot;:&quot;&quot;,&quot;ftype&quot;:&quot;ftext&quot;,&quot;userhelp&quot;:&quot;&quot;,&quot;userhelpTooltip&quot;:&quot;&quot;,&quot;csslayout&quot;:&quot;&quot;,&quot;predefined&quot;:&quot;&quot;,&quot;predefinedClick&quot;:false,&quot;size&quot;:&quot;medium&quot;,&quot;minlength&quot;:&quot;&quot;,&quot;maxlength&quot;:&quot;&quot;,&quot;equalTo&quot;:&quot;&quot;},{&quot;name&quot;:&quot;fieldname7&quot;,&quot;index&quot;:8,&quot;title&quot;:&quot;Elija su contrase\\u00f1a&quot;,&quot;required&quot;:true,&quot;shortlabel&quot;:&quot;&quot;,&quot;ftype&quot;:&quot;ftext&quot;,&quot;userhelp&quot;:&quot;&quot;,&quot;userhelpTooltip&quot;:&quot;&quot;,&quot;csslayout&quot;:&quot;&quot;,&quot;predefined&quot;:&quot;&quot;,&quot;predefinedClick&quot;:false,&quot;size&quot;:&quot;medium&quot;,&quot;minlength&quot;:&quot;&quot;,&quot;maxlength&quot;:&quot;&quot;,&quot;equalTo&quot;:&quot;&quot;},{&quot;name&quot;:&quot;message&quot;,&quot;index&quot;:9,&quot;size&quot;:&quot;large&quot;,&quot;required&quot;:false,&quot;title&quot;:&quot;Detalle de su inscripci\\u00f3n:&quot;,&quot;ftype&quot;:&quot;ftextarea&quot;,&quot;userhelp&quot;:&quot;&quot;,&quot;csslayout&quot;:&quot;&quot;,&quot;predefined&quot;:&quot;Inscripci\\u00f3n al curso on line - Protecci\\u00f3n en casos de Violencia Familiar. Precio: $3800 pesos (\\u00fanico pago)&quot;,&quot;shortlabel&quot;:&quot;&quot;,&quot;userhelpTooltip&quot;:&quot;&quot;,&quot;predefinedClick&quot;:false,&quot;minlength&quot;:&quot;&quot;,&quot;maxlength&quot;:&quot;&quot;}],[{&quot;title&quot;:&quot;&quot;,&quot;description&quot;:&quot;&quot;,&quot;formlayout&quot;:&quot;top_aligned&quot;}]]\" \/><input type=\"hidden\" name=\"refpage_1\" id=\"refpage_1\" value=\"\"><input type=\"hidden\" name=\"cp_contactformtoemail_pform_status\" value=\"0\" \/><input name=\"anonce\" type=\"hidden\" value=\"ef8ae3940d\"\/><input name=\"cftehp\" id=\"cftehp_1\" type=\"hidden\" value=\"1\"\/>\r\n<div id=\"fbuilder\">    \r\n    <div id=\"fbuilder_1\">\r\n        <div id=\"formheader_1\"><\/div>\r\n        <div id=\"fieldlist_1\"><\/div>\r\n    <\/div>\r\n<\/div>    \r\n<div style=\"display:none\">\r\n<input name=\"cftecontrolmessage\" type=\"text\" value=\"\"\/> \r\n<div id=\"cpcaptchalayer_1\" class=\"cpcaptchalayer\">\r\n<\/div>\r\n<\/div>\r\n<div id=\"cp_subbtn_1\" class=\"cp_subbtn\">Inscribirme al curso<\/div>\r\n<\/form>\r\n<script>\r\ntry{document.getElementById(\"cftehp_1\").value=\"25\";}catch(e){}\r\n<\/script>\r\n                                  <link href=\"https:\/\/www.todoelderecho.com.ar\/campus\/wp-content\/plugins\/contact-form-to-email\/css\/stylepublic.css\" type=\"text\/css\" rel=\"stylesheet\" \/>\n                 <link href=\"https:\/\/www.todoelderecho.com.ar\/campus\/wp-content\/plugins\/contact-form-to-email\/css\/cupertino\/jquery-ui-1.8.20.custom.css\" type=\"text\/css\" rel=\"stylesheet\" \/>\n                 <script type='text\/javascript' src='https:\/\/www.todoelderecho.com.ar\/campus\/wp-content\/plugins\/contact-form-to-email\/..\/..\/..\/wp-includes\/js\/jquery\/jquery.js'><\/script>\n                 <script type='text\/javascript' src='https:\/\/www.todoelderecho.com.ar\/campus\/wp-content\/plugins\/contact-form-to-email\/..\/..\/..\/wp-includes\/js\/jquery\/ui\/core.min.js'><\/script>\n                 <script type='text\/javascript' src='https:\/\/www.todoelderecho.com.ar\/campus\/wp-content\/plugins\/contact-form-to-email\/..\/..\/..\/wp-includes\/js\/jquery\/ui\/datepicker.min.js'><\/script>\n                 <script type='text\/javascript' src='https:\/\/www.todoelderecho.com.ar\/campus\/wp-content\/plugins\/contact-form-to-email\/..\/..\/..\/wp-includes\/js\/jquery\/ui\/tooltip.min.js'><\/script>                 \n                 <script type='text\/javascript' src='https:\/\/www.todoelderecho.com.ar\/campus\/wp-content\/plugins\/contact-form-to-email\/js\/jquery.validate.js'><\/script>\n                 <script type='text\/javascript'>\n                 \/* <![CDATA[ *\/\n                 var cp_contactformtoemail_fbuilder_config_1 = {\"obj\":\"{\\\"pub\\\":true,\\\"identifier\\\":\\\"_1\\\",\\\"messages\\\": {\\n    \\t                \\t\\\"required\\\": \\\"es requerido.\\\",\\n    \\t                \\t\\\"email\\\": \\\"Ingrese su direcci\u00f3n de correo electr\u00f3nico.\\\",\\n    \\t                \\t\\\"datemmddyyyy\\\": \\\"Please enter a valid date with this format(mm\/dd\/yyyy)\\\",\\n    \\t                \\t\\\"dateddmmyyyy\\\": \\\"Please enter a valid date with this format(dd\/mm\/yyyy)\\\",\\n    \\t                \\t\\\"number\\\": \\\"Please enter a valid number.\\\",\\n    \\t                \\t\\\"digits\\\": \\\"Please enter only digits.\\\",\\n    \\t                \\t\\\"max\\\": \\\"Please enter a value less than or equal to %0%.\\\",\\n    \\t                \\t\\\"min\\\": \\\"Please enter a value greater than or equal to %0%.\\\",\\\"previous\\\": \\\"anterior\\\",\\\"next\\\": \\\"siguiente\\\"\\n    \\t                }}\"};\n                 \/* ]]> *\/\n                 <\/script>\n                 <script type='text\/javascript' src='https:\/\/www.todoelderecho.com.ar\/campus\/wp-content\/plugins\/contact-form-to-email\/js\/fbuilderf.jquery.js?nc=3'><\/script>\n                 <script type='text\/javascript' src='\/campus?cp_cfte_resources=customjs'><\/script>\n            <\/span><\/p>\n<p>&nbsp;<\/p>\n<h6 style=\"color: #555555; text-align: justify;\"><span style=\"color: #373737;\"><span style=\"color: #000080;\"><strong>Formas de Pago:<\/strong><\/span>\u00a0Puede abonar su inscripci\u00f3n mediante Tarjeta de D\u00e9bito y\/o Cr\u00e9dito, en cualquier sucursal de PagoFacil y\/o RapiPago, como as\u00ed tambi\u00e9n obtener los datos necesarios para realizar una Transferencia Electr\u00f3nica o Dep\u00f3sito Bancario.<\/span><\/h6>\n<p>&nbsp;<\/p>\n<h1 style=\"padding-left: 30px;\">Elija la forma de pago para\u00a0abonar su inscripci\u00f3n:<\/h1>\n<h1 style=\"padding-left: 30px;\"><a href=\"http:\/\/www.libreriajuridica.com.ar\/producto\/suscripcion-anual-a-bases-de-datos-de-derecho-argentino\/?add-to-cart=241\"><img decoding=\"async\" src=\"https:\/\/i0.wp.com\/www.todoelderecho.com\/bases\/flecha_roja.gif?resize=11%2C11\" alt=\"\" \/><\/a><span style=\"color: #ffffff;\">\u00a0<\/span><a title=\"Haga click aqu\u00ed para obtener e imprimir el cup\u00f3n de pago para abonar en cualquier sucursal del pa\u00eds.\" href=\"http:\/\/cuentadigital.com\/string.php?id=3152&amp;precio=3200&amp;concepto=Curso+Proteccion+en+casos+de+Violencia+Familiar&amp;site=TodoelDerecho.com\" target=\"_blank\" rel=\"noopener noreferrer\">PagoFacil y\/o RapiPago<\/a><\/h1>\n<h1 style=\"padding-left: 30px;\"><a href=\"http:\/\/www.libreriajuridica.com.ar\/producto\/suscripcion-anual-a-bases-de-datos-de-derecho-argentino\/?add-to-cart=241\"><img decoding=\"async\" src=\"https:\/\/i0.wp.com\/www.todoelderecho.com\/bases\/flecha_roja.gif?resize=11%2C11\" alt=\"\" \/><\/a><span style=\"color: #ffffff;\">\u00a0<\/span><a title=\"Haga click aqu\u00ed para abonar con tarjeta de cr\u00e9dito hasta en 12 cuotas.\" href=\"https:\/\/biz.payulatam.com\/L08d1b6D7899390\">Tarjeta de D\u00e9bito y\/o Cr\u00e9dito<\/a><\/h1>\n<h1 style=\"padding-left: 30px;\"><a href=\"http:\/\/www.libreriajuridica.com.ar\/producto\/suscripcion-anual-a-bases-de-datos-de-derecho-argentino\/?add-to-cart=241\"><img decoding=\"async\" src=\"https:\/\/i0.wp.com\/www.todoelderecho.com\/bases\/flecha_roja.gif?resize=11%2C11\" alt=\"\" \/><\/a><span style=\"color: #ffffff;\">\u00a0<\/span><a title=\"Recibir\u00e1 un email con los datos necesarios para realizar una transferencia electr\u00f3nica o dep\u00f3sito bancario.\" href=\"#\">Transferencia electr\u00f3nica &#8211; Dep\u00f3sito bancario<\/a><\/h1>\n<h1 style=\"padding-left: 30px;\"><a href=\"http:\/\/www.libreriajuridica.com.ar\/producto\/suscripcion-anual-a-bases-de-datos-de-derecho-argentino\/?add-to-cart=241\"><img decoding=\"async\" src=\"https:\/\/i0.wp.com\/www.todoelderecho.com\/bases\/flecha_roja.gif?resize=11%2C11\" alt=\"\" \/><\/a><span style=\"color: #ffffff;\">\u00a0<\/span><a title=\"Puede abonar con Tarjeta de D\u00e9bito y\/o Cr\u00e9dito, PagoFacil y\/o RapiPago, Transferencia Electr\u00f3nica o Dep\u00f3sito Bancario desde nuestra tienda virtual.\" href=\"http:\/\/www.libreriajuridica.com.ar\/?add-to-cart=373\">Desde nuestra tienda virtual<\/a><\/h1>\n<h1 style=\"padding-left: 30px;\"><a href=\"http:\/\/www.libreriajuridica.com.ar\/producto\/suscripcion-anual-a-bases-de-datos-de-derecho-argentino\/?add-to-cart=241\"><\/a><\/h1>\n<p style=\"color: #444444;\"><a href=\"https:\/\/www.todoelderecho.com.ar\/campus\/shop\/cursos-y-talleres\/inscripcion-como-alumno-regular-anual\/\" target=\"_top\" rel=\"noopener noreferrer\"><img decoding=\"async\" title=\"Capacitaci\u00f3n Jur\u00eddica On Line - Cursos y Talleres\" src=\"https:\/\/www.todoelderecho.com\/publicidad3.png\" alt=\"\" width=\"691\" height=\"290\" border=\"0\" hspace=\"20\" \/><\/a><\/p>\n<p style=\"color: #444444;\"><img decoding=\"async\" src=\"https:\/\/i0.wp.com\/www.campusjuridico.com\/todas_formas2.png?w=750\" alt=\"\" width=\"550\" height=\"131\" \/><\/p>\n","protected":false},"excerpt":{"rendered":"<p>El curso est\u00e1 dirigido a profesionales, abogados, estudiantes de Derecho, profesiones a fines y p\u00fablico en general con inter\u00e9s en el abordaje y estudio de la problem\u00e1tica de los casos de VIOLENCIA FAMILIAR. Se estudiar\u00e1 la tem\u00e1tica desde un punto de vista acad\u00e9mico y te\u00f3rico. Trat\u00e1ndose de una formaci\u00f3n cursada &hellip;<\/p>\n","protected":false},"author":1,"featured_media":9652,"parent":0,"menu_order":0,"comment_status":"closed","ping_status":"closed","template":"sidebar-page.php","meta":{"footnotes":""},"class_list":["post-612","page","type-page","status-publish","has-post-thumbnail","hentry"],"_links":{"self":[{"href":"https:\/\/www.todoelderecho.com.ar\/campus\/wp-json\/wp\/v2\/pages\/612","targetHints":{"allow":["GET"]}}],"collection":[{"href":"https:\/\/www.todoelderecho.com.ar\/campus\/wp-json\/wp\/v2\/pages"}],"about":[{"href":"https:\/\/www.todoelderecho.com.ar\/campus\/wp-json\/wp\/v2\/types\/page"}],"author":[{"embeddable":true,"href":"https:\/\/www.todoelderecho.com.ar\/campus\/wp-json\/wp\/v2\/users\/1"}],"replies":[{"embeddable":true,"href":"https:\/\/www.todoelderecho.com.ar\/campus\/wp-json\/wp\/v2\/comments?post=612"}],"version-history":[{"count":0,"href":"https:\/\/www.todoelderecho.com.ar\/campus\/wp-json\/wp\/v2\/pages\/612\/revisions"}],"wp:featuredmedia":[{"embeddable":true,"href":"https:\/\/www.todoelderecho.com.ar\/campus\/wp-json\/wp\/v2\/media\/9652"}],"wp:attachment":[{"href":"https:\/\/www.todoelderecho.com.ar\/campus\/wp-json\/wp\/v2\/media?parent=612"}],"curies":[{"name":"wp","href":"https:\/\/api.w.org\/{rel}","templated":true}]}}