{"id":7091,"date":"2016-06-13T13:37:19","date_gmt":"2016-06-13T13:37:19","guid":{"rendered":"http:\/\/www.todoelderecho.com.ar\/campus\/?page_id=7091"},"modified":"2021-01-20T14:29:33","modified_gmt":"2021-01-20T14:29:33","slug":"responsabilidad-parental","status":"publish","type":"page","link":"https:\/\/www.todoelderecho.com.ar\/campus\/responsabilidad-parental\/","title":{"rendered":"Curso de Responsabilidad Parental"},"content":{"rendered":"<p style=\"text-align: justify;\">El curso est\u00e1 dirigido a profesionales, abogados, estudiantes de Derecho, profesiones a fines y p\u00fablico en general con inter\u00e9s en el Derecho de Familia, especialmente qui\u00e9nes quieran adquirir y profundizar conocimientos en cuanto al CUIDADO DE MENORES, R\u00c9GIMEN DE COMUNICACI\u00d3N. Se abordar\u00e1 el tema de estudio en forma te\u00f3rica, pr\u00e1ctica y jurisprudencial. Trat\u00e1ndose de una formaci\u00f3n cursada online, el alumno podr\u00e1 adaptar los horarios de trabajo seg\u00fan le sea m\u00e1s eficaz. Podr\u00e1s acceder, descargar e imprimir tanto los contenidos del curso como el material de estudio complementario que ponemos a disposici\u00f3n de los alumnos las 24hs, desde cualquier computadora con conexi\u00f3n a internet.<\/p>\n<p style=\"text-align: justify;\">Modalidad:<br \/>\nOn-line mediante el uso de una plataforma tecnol\u00f3gica de \u00faltima generaci\u00f3n. El curso tiene 4 m\u00f3dulos en formato texto, es de autoaprendizaje y se realiza por internet. Los participantes podr\u00e1n conectarse cuando deseen sin restricciones de d\u00edas ni horarios. El alumno tendr\u00e1 acceso al material de estudio y a las actividades que podr\u00e1 utilizar desde su computadora, bajarlo o imprimirlo. La capacitaci\u00f3n se realiza de manera autoevaluativa y las actividades se autocorrigen. Con la finalizaci\u00f3n del \u00faltimo m\u00f3dulo el alumno podr\u00e1 solicitar su certificado de participaci\u00f3n y lo recibir\u00e1 en formato digital por correo electr\u00f3nico.<\/p>\n<p style=\"text-align: justify;\">Material de estudio:<br \/>\nPonemos a disposici\u00f3n de los alumnos fallos, legislaci\u00f3n y modelos de escritos para el ejercicio profesional.<\/p>\n<p style=\"text-align: justify;\" align=\"JUSTIFY\">Medios de pago:<br \/>\nArancel del curso\u00a0completo: $3800 pesos finales<br \/>\nPagoFacil \u2013 Tarjeta de cr\u00e9dito y\/o d\u00e9bito \u2013 Transferencia electr\u00f3nica \u2013 Dep\u00f3sito bancario.<\/p>\n<p style=\"text-align: justify;\" align=\"JUSTIFY\"><strong>PROGRAMA DEL CURSO<\/strong><\/p>\n<p style=\"text-align: justify;\" align=\"JUSTIFY\"><strong>M\u00f3dulo I<\/strong><\/p>\n<p style=\"text-align: justify;\">EL INTER\u00c9S SUPERIOR DEL NI\u00d1O. DERECHOS Y DEBERES DE LOS NI\u00d1OS<br \/>\nAntecedentes<br \/>\nTerminolog\u00eda. Ni\u00f1o y menor<br \/>\nCriterio rector del inter\u00e9s superior del ni\u00f1o. Caracterizaci\u00f3n<br \/>\nContenido del inter\u00e9s superior del ni\u00f1o. Su mayor beneficio, el principio de efectividad y la protecci\u00f3n especial. La actividad oficiosa<br \/>\nEl principio de efectividad<br \/>\nLa protecci\u00f3n especial<br \/>\nLa actividad oficiosa del tribunal<br \/>\nAlcance del inter\u00e9s superior del ni\u00f1o. Pronunciamientos judiciales<br \/>\nInter\u00e9s superior del ni\u00f1o e inter\u00e9s familiar<br \/>\nAplicaciones del inter\u00e9s superior del ni\u00f1o y el familiar. Jurisprudencia<br \/>\nEl caso del viaje al exterior de los hijos por una beca\u00a0conferida<br \/>\nPedido de traslado de cuatro hijos al Uruguay<br \/>\nRequerimiento de una prueba gen\u00e9tica para acreditar\u00a0el adulterio<br \/>\nDerecho de los ni\u00f1os. El protagonismo de la Convenci\u00f3n sobre los Derechos del Ni\u00f1o y de la ley 26.061.<br \/>\nC\u00f3digo Civil y Comercial<br \/>\nLos derechos de los ni\u00f1os en las jornadas jur\u00eddicas \u2026. Los deberes de los ni\u00f1os. Deberes de los progenitores<br \/>\nASPECTOS PROCESALES<br \/>\nLA AUDICI\u00d3N DEL NI\u00d1O Y SU PARTICIPACI\u00d3N EN EL PROCESO<br \/>\nDistinci\u00f3n entre el derecho a ser o\u00eddo y la intervenci\u00f3n del ni\u00f1o en el proceso<br \/>\nEl derecho del ni\u00f1o a ser escuchado<br \/>\nLa audici\u00f3n en la Convenci\u00f3n sobre los Derechos del\u00a0Ni\u00f1o. Su interpretaci\u00f3n. Otras convenciones<br \/>\nEl derecho a ser escuchado en la ley 26.061<br \/>\nDerecho a ser escuchado en el C\u00f3digo Civil y Comercial de la Naci\u00f3n<br \/>\nO\u00edr al ni\u00f1o, escucharlo y tener en cuenta sus opiniones<br \/>\nAlcance del derecho a ser escuchado en el ordenamiento argentino<br \/>\nCuestionamientos a la intervenci\u00f3n de los ni\u00f1os. L\u00edmites en su audici\u00f3n<br \/>\nDerecho o deber del ni\u00f1o de ser o\u00eddo<br \/>\nRecepci\u00f3n jurisprudencial y doctrinal del derecho del\u00a0ni\u00f1o a ser escuchado<br \/>\nEscucha al ni\u00f1o. Distinciones en cuanto a la edad y\u00a0madurez<br \/>\nNi\u00f1os de corta edad y con escaso nivel madurativo<br \/>\nNi\u00f1os que han alcanzado el dominio del lenguaje oral. La madurez relativa. Jurisprudencia<br \/>\nPrecauciones a adoptar por el juez para o\u00edr a los ni\u00f1os<br \/>\nCapacidad y entrenamiento en el juez<br \/>\nPreservaci\u00f3n de la intimidad del ni\u00f1o y el entorno f\u00edsico<br \/>\nLa informaci\u00f3n previa al ni\u00f1o<br \/>\nComunicaci\u00f3n al ni\u00f1o de los resultados<br \/>\nAudiencia directa e indirecta para escuchar al ni\u00f1o. El derecho interno y las normas de la Convenci\u00f3n del\u00a0ni\u00f1o<br \/>\nEl tipo de juicios en los que el ni\u00f1o debe ser escuchado.<br \/>\nIntervenci\u00f3n del ni\u00f1o en el proceso<br \/>\nParticipaci\u00f3n activa del ni\u00f1o en el procedimiento<br \/>\nIntervenci\u00f3n del ni\u00f1o en el juicio y distinciones en cuanto a su capacidad procesal. Intervenci\u00f3n directa\u00a0e indirecta. Tutor especial<br \/>\nCu\u00e1ndo se adquiere la capacidad procesal. Capacidad de derecho y de ejercicio<br \/>\nLa representaci\u00f3n propia del ni\u00f1o.<br \/>\nCu\u00e1ndo se adquiere la capacidad de ejercicio. Autonom\u00eda progresiva<br \/>\nCr\u00edtica a los pronunciamientos de la Corte federal en materia de capacidad de ejercicio durante la vigencia del C\u00f3digo Civil<br \/>\nL\u00edmites a la actuaci\u00f3n procesal de ni\u00f1os. Diferencias\u00a0con el derecho a ser escuchado<br \/>\nTratamiento de la capacidad de ejercicio en el C\u00f3digo Civil y Comercial. Competencia del ni\u00f1o o adolescente por su autonom\u00eda progresiva<br \/>\nAutonom\u00eda progresiva y competencia en la ley de los\u00a0derechos del paciente<br \/>\nImpacto de las nuevas regulaciones en las funciones del Ministerio P\u00fablico de la Defensa<br \/>\nImportancia de habilitar el desarrollo aut\u00f3nomo del ni\u00f1o y adolescente<br \/>\nEl abogado del ni\u00f1o<br \/>\nNormativa legal en relaci\u00f3n con el abogado del ni\u00f1o<br \/>\nCinco perspectivas para el an\u00e1lisis de la figura del\u00a0abogado del ni\u00f1o<br \/>\nNi\u00f1os que pueden acceder a un abogado<br \/>\nNaturaleza de los asuntos que ameritan la designaci\u00f3n\u00a0de un abogado al ni\u00f1o<br \/>\nQui\u00e9n designa al abogado del ni\u00f1o<br \/>\nAptitudes que debe reunir el abogado del ni\u00f1o<br \/>\nRol que debe desempe\u00f1ar el abogado del ni\u00f1o<br \/>\nAbogado del ni\u00f1o internado por razones de salud\u00a0mental<br \/>\nTutor especial y abogado del ni\u00f1o<br \/>\nTutor especial y el Ministerio P\u00fablico<br \/>\nMinisterio P\u00fablico y abogado del ni\u00f1o<br \/>\nMisi\u00f3n com\u00fan del juez, Ministerio P\u00fablico, tutor especial y abogado del ni\u00f1o.<br \/>\nLA MEDIACI\u00d3N FAMILIAR OBLIGATORIA PREVIA AL PROCESO JUDICIAL<br \/>\nObligatoriedad de la mediaci\u00f3n<br \/>\nAlcance y l\u00edmites de la obligatoriedad de la mediaci\u00f3n<br \/>\nPrincipios de la mediaci\u00f3n prejudicial obligatoria<br \/>\nCuidado personal de los hijos y el r\u00e9gimen de comunicaci\u00f3n. Las medidas cautelares y su caducidad<br \/>\nImprocedencia de la mediaci\u00f3n ante los motivos graves y urgentes. An\u00e1lisis flexible de las causales invocadas<br \/>\nNotificaci\u00f3n al requerido domiciliado fuera del pa\u00eds<br \/>\nMediaci\u00f3n dispuesta por el juez durante el tr\u00e1mite de\u00a0la causa<br \/>\nIntervenci\u00f3n de los jueces en la mediaci\u00f3n que involucra a ni\u00f1os. La homologaci\u00f3n judicial<br \/>\nCitaci\u00f3n de terceros al procedimiento en mediaci\u00f3n<br \/>\nActuaci\u00f3n de los profesionales asistentes. Alcance de\u00a0la confidencialidad<br \/>\nOtros aciertos de la ley 26.589<br \/>\nEL PROCESO DE FAMILIA QUE INVOLUCRA A LOS NI\u00d1OS Y LA COMPETENCIA<br \/>\nProceso de familia que ata\u00f1e a los ni\u00f1os<br \/>\nReglas que rigen el proceso y el rol del juez de familia<br \/>\nLa tutela judicial efectiva<br \/>\nInaplicabilidad del principio dispositivo. Naturaleza inquisitiva de los procesos que afectan a los ni\u00f1os<br \/>\nAplicaciones jurisprudenciales que certifican el protagonismo de la regla inquisitiva<br \/>\nAmplitud probatoria y cargas din\u00e1micas. Proceso menos formalista. Prioridad del derecho sustancial<br \/>\nPrincipio de moralidad<br \/>\nInmediaci\u00f3n y proceso a trav\u00e9s de audiencias<br \/>\nAutocomposici\u00f3n<br \/>\nConcentraci\u00f3n, celeridad y seguridad jur\u00eddica<br \/>\nPrivacidad de los procesos de familia<br \/>\nEspecializaci\u00f3n en interdisciplina<br \/>\nAlcance de la labor interdisciplinaria. Cuestionamientos<br \/>\nMedidas cautelares<br \/>\nGratuidad y distribuci\u00f3n de las costas del proceso<br \/>\nRelatividad de la cosa juzgada<br \/>\nTriangulaci\u00f3n de la relaci\u00f3n jur\u00eddica procesal<br \/>\nEl ni\u00f1o y las cuestiones de competencia<br \/>\nCuestiones generales en materia de\u00a0competencia<br \/>\nNuevos criterios cuando intervienen ni\u00f1os. Prioridad del derecho sustancial por sobre las cuestiones de competencia<br \/>\nCompetencia por territorio. La residencia habitual\u00a0del ni\u00f1o y su centro de vida<br \/>\nPrioridad de la actual residencia efectiva del ni\u00f1o por sobre el lugar de celebraci\u00f3n del acuerdo. Valoraci\u00f3n de las circunstancias sobrevinientes<br \/>\nEscasa distancia como l\u00edmite a la residencia efectiva del ni\u00f1o. El principio de concentraci\u00f3n. Continuidad de los auxiliares de justicia que trabajan en el\u00a0caso<br \/>\nV\u00edas de hecho como l\u00edmite a la residencia efectiva actual del ni\u00f1o. Prioridad en la concentraci\u00f3n de las causas<br \/>\nJurisdicci\u00f3n internacional. Residencia habitual de ni\u00f1os en lugares diferentes como actores y demandados. Distintos extremos a evaluar<br \/>\nCambios de residencia del ni\u00f1o. Criterios para la\u00a0asignaci\u00f3n del juez competente<br \/>\nS\u00edntesis de los criterios reinantes en la competencia\u00a0por territorio cuando intervienen ni\u00f1os<br \/>\nLa competencia por fuero en materia de ni\u00f1os. Justicia de familia y justicia penal<\/p>\n<p style=\"text-align: justify;\"><strong>M\u00f3dulo II<\/strong><\/p>\n<p style=\"text-align: justify;\">RESPONSABILIDAD PARENTAL Y FIGURAS LEGALES DERIVADAS<br \/>\nLA RESPONSABILIDAD PARENTAL Y LOS HIJOS<br \/>\nCuestiones diversas<br \/>\nLa eliminaci\u00f3n de la expresi\u00f3n patria potestad. Su\u00a0real trascendencia<br \/>\nConcepto y principios de la responsabilidad parental<br \/>\nTitularidad y ejercicio de la responsabilidad parental<br \/>\nClasificaci\u00f3n del ejercicio de la responsabilidad parental en el C\u00f3digo Civil y Comercial<br \/>\nEjercicio de la responsabilidad parental<br \/>\nPrincipio general<br \/>\nExcepciones al principio general del ejercicio\u00a0conjunto<br \/>\nAtribuciones de los padres<br \/>\nPunto de tensi\u00f3n entre las funciones de los padres y la intervenci\u00f3n del Estado. Inaplicabilidad de la autonom\u00eda de la voluntad<br \/>\nPronunciamientos de la Corte Suprema<br \/>\nIntervenci\u00f3n justificada del Estado en la funci\u00f3n\u00a0parental<br \/>\nIntervenci\u00f3n injustificada del Estado<br \/>\nDesacuerdos corrientes entre los progenitores<br \/>\nConflictos entre los progenitores. Diferencias entre el anterior C\u00f3digo Civil y el C\u00f3digo Civil y Comercial Intervenci\u00f3n de los jueces y su competencia. Remisi\u00f3n Personas legitimadas para promover el tr\u00e1mite. Remisiones<br \/>\nAlcance del precepto que regula los conflictos entre\u00a0progenitores<br \/>\nV\u00eda procesal aplicable<br \/>\nDesacuerdos graves o reiterados. Las facultades judiciales<br \/>\nActos que involucran a hijos adolescentes<br \/>\nLabor probatoria. Remisi\u00f3n<br \/>\nOposici\u00f3n a los actos que pretende ejecutar el otro progenitor. Diferencias entre el C\u00f3digo Civil anterior y el C\u00f3digo Civil y Comercial<br \/>\nClasificaci\u00f3n del ejercicio de la responsabilidad parental<br \/>\nEjercicio de la responsabilidad parental compartida, con cuidado personal exclusivo a cargo del otro o compartido en cualquiera de sus modalidades<br \/>\nEjercicio de la responsabilidad parental unipersonal por un progenitor, que conduce a tener el cuidado personal unilateral del hijo<br \/>\nConflictos de orden religioso. L\u00edmites a las atribuciones de los padres<br \/>\nCambios de establecimiento escolar. Jurisprudencia Traslados del ni\u00f1o dentro del pa\u00eds<br \/>\nActos que requieren el consentimiento expreso<br \/>\nEl art\u00edculo 645 del C\u00f3digo Civil y Comercial. Criterios aplicables<br \/>\nAplicaci\u00f3n del inter\u00e9s familiar. Su identificaci\u00f3n con\u00a0el inter\u00e9s superior del ni\u00f1o<br \/>\nAutorizaci\u00f3n para contraer matrimonio<br \/>\nIngreso a comunidades religiosas y otras<br \/>\nAutorizaci\u00f3n para estar en juicio. L\u00edmites de la aplicaci\u00f3n de la norma<br \/>\nAdministraci\u00f3n de los bienes de los hijos. Actos y contratos<br \/>\nContratos con terceros en nombre del hijo<br \/>\nDesacuerdos en la administraci\u00f3n de los bienes<br \/>\nEliminaci\u00f3n del usufructo de los padres sobre los bienes de sus hijos<br \/>\nAutorizaci\u00f3n para salir de la Rep\u00fablica o cambios de residencia permanente en el extranjero. Fallos de\u00a0la Corte Federal que autorizan los traslados<br \/>\nOtras sentencias que han conferido la autorizaci\u00f3n de traslado de los hijos<br \/>\nResoluciones degeneratorias de la autorizaci\u00f3n de\u00a0viaje<br \/>\nEl exceso jurisdiccional. Examen cr\u00edtico<br \/>\nTraslados dentro del pa\u00eds. Remisi\u00f3n a los casos de traslados al extranjero<br \/>\nRepresentaci\u00f3n y delegaci\u00f3n de la Responsabilidad Parental<br \/>\nLa representaci\u00f3n de los hijos<br \/>\nDelegaci\u00f3n del ejercicio de la responsabilidad parental<br \/>\nProgenitores adolescentes<br \/>\nNorma del C\u00f3digo Civil y Comercial. Remisiones<br \/>\nPrecisiones en torno al art\u00edculo 644 del C\u00f3digo Civil\u00a0y Comercial<br \/>\nCuadro clasificatorio para la aplicaci\u00f3n del art\u00edculo 644 del C\u00f3digo Civil y Comercial<br \/>\nPrincipio general<br \/>\nSistema extrajudicial<br \/>\nSistema judicial<br \/>\nSituaciones excepcionales<br \/>\nSituaci\u00f3n del progenitor adolescente que quiere\u00a0llevar adelante un acto trascendente para la vida de su hijo<br \/>\nSituaci\u00f3n judicial<br \/>\nDeberes de los progenitores, prohibici\u00f3n de malos tratos y alimentos<br \/>\nDeberes de los progenitores<br \/>\nLa prohibici\u00f3n de los malos tratos al hijo<br \/>\nDeberes de los hijos<br \/>\nAlimentos y autocomposici\u00f3n en la Responsabilidad Parental<br \/>\nDeber alimentario de los progenitores<br \/>\nAutocomposici\u00f3n<br \/>\nProgenitores e hijos afines<br \/>\nEl tema de la familia ensamblada<br \/>\nConvivencia del hijo en la familia ensamblada<br \/>\nProgenitores e hijos afines en el C\u00f3digo Civil y Comercial<br \/>\nEjercicio conjunto y delegaci\u00f3n de la responsabilidad parental<br \/>\nDeber alimentario del progenitor af\u00edn<br \/>\nFIGURAS LEGALES DERIVADAS DE LA RESPONSABILIDAD PARENTAL. EL CUIDADO PERSONAL DE LOS HIJOS<br \/>\nUbicaci\u00f3n, terminolog\u00eda y origen de las cuestiones<br \/>\nEliminaci\u00f3n de la palabra \u201ctenencia\u201d. La cuesti\u00f3n de\u00a0la guarda. Significados<br \/>\nOrigen de las cuestiones que motivan nuestro an\u00e1lisis<br \/>\nConcepto del cuidado personal, clasificaciones y su relaci\u00f3n con el ejercicio de la responsabilidad parental<br \/>\nCaracterizaci\u00f3n del ejercicio de la responsabilidad parental y el cuidado personal. Relaci\u00f3n de g\u00e9nero a\u00a0especie<br \/>\nClasificaci\u00f3n del cuidado personal. Su relaci\u00f3n con la responsabilidad parental<br \/>\nPrincipio general. Cuidado personal principal y\u00a0cuidado personal secundario<br \/>\nExcepciones a la regla general<br \/>\nRelaciones entre el cuidado personal y la responsabilidad parental<br \/>\nPrincipios generales<br \/>\nExcepci\u00f3n a los principios generales<br \/>\nClases de cuidado personal del hijo<br \/>\nModalidades del cuidado personal compartido<br \/>\nFacultades parentales, la autocomposici\u00f3n y la norma del art\u00edculo 651 del C\u00f3digo<br \/>\nCriterios para atribuir el cuidado personal del hijo<br \/>\nAlcance de los criterios para la asignaci\u00f3n del cuidado personal. Las pautas del C\u00f3digo Civil y Comercial<br \/>\nPlan de parentalidad. Inexistencia de acuerdo<br \/>\nAplicaci\u00f3n de los criterios para la decisi\u00f3n de las medidas provisionales<br \/>\nOrden de tratamiento de los criterios a aplicar. An\u00e1lisis riguroso y prudencia<br \/>\nEdad del hijo<br \/>\nOpini\u00f3n del hijo<br \/>\nPreferencia del progenitor que facilita el contacto del\u00a0hijo con el otro padre<br \/>\nPrincipio de estabilidad o continuidad<br \/>\nL\u00edmites al principio de estabilidad o continuidad<br \/>\nCasos graves que justifican alterar el r\u00e9gimen del\u00a0cuidado del ni\u00f1o. Precedentes judiciales<br \/>\nIntervenci\u00f3n de la disciplina para decidir los cambios en el cuidado de los hijos<br \/>\nEL CUIDADO PERSONAL DE LOS HIJOS Y EL OTORGAMIENTO DE LA GUARDA A UN PARIENTE O TERCERO<br \/>\nOtros est\u00e1ndares para atribuir<br \/>\nEL CUIDADO PERSONAL DE LOS HIJOS<br \/>\nConstrucciones jur\u00eddicas y de las disciplinas afines<br \/>\nVivencia del ni\u00f1o en la relaci\u00f3n triangular<br \/>\nPrincipio de unidad filial o de inseparabilidad de los\u00a0hermanos<br \/>\nSupuestos en que cede el principio de unidad filial<br \/>\nCasos jurisprudenciales<br \/>\nLugar independiente de residencia del progenitor con\u00a0el ni\u00f1o<br \/>\nEnfermedad del progenitor o del propio hijo<br \/>\nAtribuci\u00f3n del cuidado personal y el incumplimiento\u00a0alimentario<br \/>\nCuidado personal y la pertenencia a sectas religiosas Buen desempe\u00f1o en las tareas cotidianas y la mayor\u00a0disponibilidad de tiempo del progenitor<br \/>\nDeber de colaboraci\u00f3n y de informaci\u00f3n<br \/>\nEl cuidado personal compartido y alternad<br \/>\nTextos del C\u00f3digo Civil y Comercial. Precisi\u00f3n de los conceptos. Vigencia del r\u00e9gimen de comunicaci\u00f3n<br \/>\nEncuadre del cuidado alternado de los hijos en el C\u00f3digo Civil y Comercial. Debate acerca de su conveniencia o inconveniencia<br \/>\nCuidado alternado de los hijos en el derecho comparado<br \/>\nEvoluci\u00f3n de nuestro derecho hacia la admisi\u00f3n del cuidado alternado de los hijos<br \/>\nAlcance del acuerdo de los progenitores disponiendo el cuidado alternado de los hijos<br \/>\nCuidado personal alternado impuesto judicialmente sin mediar acuerdo de los padres<br \/>\nDecisi\u00f3n de otorgar el cuidado personal alternado y la inaplicabilidad del principio de congruencia<br \/>\nResidencia alternada invertida<br \/>\nOtorgamiento de la guarda a un tercero<br \/>\nNueva figura incorporada al C\u00f3digo Civil y Comercial. Denominaci\u00f3n y paralelismo con la delegaci\u00f3n del ejercicio de la responsabilidad parental<br \/>\nContenidos y alcances del art\u00edculo 657 del C\u00f3digo Civil y Comercial<br \/>\nJurisprudencia aplicable en lo relativo a la entrega de ni\u00f1os a terceros<br \/>\nEntrega de ni\u00f1os a parientes<br \/>\nEntrega de ni\u00f1os a terceros no parientes<\/p>\n<p style=\"text-align: justify;\"><strong>M\u00f3dulo III<\/strong><\/p>\n<p style=\"text-align: justify;\">EXTINCI\u00d3N, PRIVACI\u00d3N, REHABILITACI\u00d3N Y SUSPENSI\u00d3N DEL EJERCICIO DE LA RESPONSABILIDAD PARENTAL<br \/>\nExtinci\u00f3n de la responsabilidad parental<br \/>\nCasos legales de extinci\u00f3n de la titularidad de la responsabilidad parental<br \/>\nMuerte del progenitor o del hijo<br \/>\nProfesi\u00f3n del progenitor en instituto mon\u00e1stico<br \/>\nLa mayor\u00eda de edad del hijo<br \/>\nFin de la responsabilidad parental por emancipaci\u00f3n Supuesto de la adopci\u00f3n<br \/>\nPrivaci\u00f3n de la responsabilidad parental<br \/>\nCasos de privaci\u00f3n de la responsabilidad parental<br \/>\nConsideraciones generales<br \/>\nPrivaci\u00f3n de la responsabilidad parental por la condena penal al progenitor<br \/>\nCondena penal al progenitor: doctina de fallos que\u00a0corresponde revisar<br \/>\nEl abandono de los hijos como causal de la privaci\u00f3n\u00a0de la responsabilidad parental<br \/>\nPrivaci\u00f3n de la responsabilidad parental por abandono y la jurisprudencia aplicable<br \/>\nFallos que decretaron la privaci\u00f3n por el abandono articulado<br \/>\nFallos que rechazaron la privaci\u00f3n ante el abandono esgrimido<br \/>\nPrivaci\u00f3n de la responsabilidad parental por poner\u00a0en peligro al hijo<br \/>\nColocaci\u00f3n del hijo en peligro. Casos jurisprudenciales<br \/>\nPrivaci\u00f3n de la responsabilidad parental por la declaraci\u00f3n de adoptabilidad del hijo<br \/>\nAlimentos y la privaci\u00f3n y suspensi\u00f3n de la responsabilidad parental<br \/>\nAlcance de la suspensi\u00f3n del ejercicio de la responsabilidad parental<br \/>\nRehabilitaci\u00f3n de la responsabilidad parental<br \/>\nRestituci\u00f3n de la responsabilidad parental<br \/>\nSuspensi\u00f3n del ejercicio de la responsabilidad parental<br \/>\nCasos de la suspensi\u00f3n del ejercicio de la responsabilidad parental<br \/>\nSuspensi\u00f3n del ejercicio de la responsabilidad parental. Antecedentes y situaci\u00f3n actual<br \/>\nR\u00c9GIMEN DE COMUNICACI\u00d3N<br \/>\nR\u00c9GIMEN DE COMUNICACI\u00d3N MATERNO O PATERNO-FILIAL<br \/>\nLa comunicaci\u00f3n entre los sujetos \u2026. R\u00e9gimen de comunicaci\u00f3n. Importancia, concepto y\u00a0alcances<br \/>\nCuesti\u00f3n terminol\u00f3gica. El deber de comunicaci\u00f3n Encuadre jur\u00eddico de la comunicaci\u00f3n materno o paterno-filial<br \/>\nFundamento, finalidad, caracteres y naturaleza jur\u00eddica de la comunicaci\u00f3n materna o paterno-filial<br \/>\nImportancia de la comunicaci\u00f3n materna o paterno-filial en los pronunciamientos judiciales<br \/>\nAplicaci\u00f3n del r\u00e9gimen de comunicaci\u00f3n materna o paterno-filial<br \/>\nProyecciones del r\u00e9gimen de comunicaci\u00f3n y su conexi\u00f3n con el cuidado personal. Medios de contacto<br \/>\nSujetos implicados y legitimaci\u00f3n para impulsar la comunicaci\u00f3n<br \/>\nResguardo jurisdiccional del r\u00e9gimen de comunicaci\u00f3n. Casos jurisprudenciales<br \/>\nR\u00e9gimen de comunicaci\u00f3n y la preservaci\u00f3n de la integridad del ni\u00f1o<br \/>\nLugar de cumplimiento del r\u00e9gimen de comunicaci\u00f3n<br \/>\nReglamentaci\u00f3n del r\u00e9gimen de comunicaci\u00f3n<br \/>\nActividades del ni\u00f1o y el r\u00e9gimen de comunicaci\u00f3n. Los tiempos de los progenitores<br \/>\nDuraci\u00f3n y frecuencia de la comunicaci\u00f3n materna o paterno-filial. Reg\u00edmenes ordinario y extraordinario de contactos. Incidencias<br \/>\nDuraci\u00f3n y frecuencia de los contactos<br \/>\nLos reg\u00edmenes de contactos ordinario y extraordinario y sus incidencias<br \/>\nCambios unilaterales de residencia decididos por el progenitor<br \/>\nEstablecimiento o reanudaci\u00f3n de los v\u00ednculos materno o paterno-filial<br \/>\nIntervenci\u00f3n de los asistentes sociales en la revinculaci\u00f3n materna o paterno-filial<br \/>\nTrabajadores sociales y la revinculaci\u00f3n materna o paterno-filial en los espacios institucionales<br \/>\nRevinculaci\u00f3n materna o paterno-filial en un \u00e1mbito terap\u00e9utico<br \/>\nDeberes de los progenitores en relaci\u00f3n al r\u00e9gimen de comunicaci\u00f3n<br \/>\nR\u00e9gimen de comunicaci\u00f3n y el principio de estabilidad<br \/>\nJuez competente en los reg\u00edmenes de comunicaci\u00f3n<br \/>\nProcedimiento aplicable a los reg\u00edmenes de comunicaci\u00f3n<br \/>\nAplicaci\u00f3n de las costas en los procesos de reg\u00edmenes de comunicaci\u00f3n<br \/>\nTr\u00e1mites de reg\u00edmenes de comunicaci\u00f3n y la triangulaci\u00f3n procesal<br \/>\nInaplicabilidad del principio de la cosa juzgada<br \/>\nVICISITUDES DEL R\u00c9GIMEN DE COMUNICACI\u00d3N MATERNO O PATERNO-FILIAL<br \/>\nAmpliaciones y reducciones del r\u00e9gimen de comunicaci\u00f3n<br \/>\nSuspensiones del r\u00e9gimen de comunicaci\u00f3n<br \/>\nCuesti\u00f3n de la oposici\u00f3n filial a mantener la comunicaci\u00f3n. Doctrina y jurisprudencia<br \/>\nRelativizaci\u00f3n de la resistencia filial. Ausencia de\u00a0discursos genuinos. Decisiones judiciales<br \/>\nPrecedentes judiciales que otorgaron prioridad a la negativa del hijo a vincularse con su progenitor<br \/>\nOrden judicial de prohibici\u00f3n de acercamiento. La cuesti\u00f3n con las denuncias de violencia familiar<br \/>\nOtros casos judiciales de prohibici\u00f3n de acercamiento. Denuncias de malos tratos o de abuso sexual. C\u00e1mara Gesell<br \/>\nProhibiciones de acercamiento entre adultos y sus efectos sobre los hijos comunes<br \/>\nViolencia familiar en la pareja y los hijos<br \/>\nRequerimientos de suspensi\u00f3n del contacto tras la\u00a0invocaci\u00f3n de efectos perjudiciales en los ni\u00f1os<br \/>\nJurisprudencia concordante que ha denegado las suspensiones. Diversas situaciones<br \/>\nOtros casos de suspensiones de los contactos<br \/>\nNecesidad de neutralizar el ejercicio abusivo de las medidas cautelares en defensa de los ni\u00f1os. Medidas a favor de mujeres v\u00edctimas de violencia<br \/>\nSuspensiones justificadas de la comunicaci\u00f3n. Alcance de las medidas<br \/>\nProhibici\u00f3n de acercamiento, corte de v\u00ednculos y el restablecimiento del contacto: el deber de informar\u00a0al ni\u00f1o<br \/>\nEnfermedad del progenitor no conviviente<br \/>\nCreencias religiosas del progenitor no conviviente<br \/>\nPareja del padre que entabla comunicaci\u00f3n con el\u00a0hijo<br \/>\nSuspensiones transitorias o cambio de modalidad del r\u00e9gimen<br \/>\nIncidencia del incumplimiento alimentario en el r\u00e9gimen de comunicaci\u00f3n materno o paterno filial<br \/>\nOtros pronunciamientos judiciales en relaci\u00f3n a la comunicaci\u00f3n y el deber alimentario. Influencia inversa<br \/>\nR\u00e9gimen de comunicaci\u00f3n y privaci\u00f3n de la responsabilidad parental<br \/>\nSuspensi\u00f3n, cesaci\u00f3n y extinci\u00f3n del r\u00e9gimen de comunicaci\u00f3n<\/p>\n<p style=\"text-align: justify;\"><strong>M\u00f3dulo IV<\/strong><\/p>\n<p style=\"text-align: justify;\">MEDIDAS JUDICIALES PARA LA EFECTIVIDAD DE LA COMUNICACI\u00d3N MATERNO O PATERNO-FILIAL<br \/>\nComplejidad del problema<br \/>\nS\u00edndrome de alienaci\u00f3n parental o el proceso de exclusi\u00f3n de un progenitor<br \/>\nMedidas posibles en la jurisdicci\u00f3n civil para la efectividad de la comunicaci\u00f3n filial<br \/>\nMedidas civiles y las sanciones penales<br \/>\nUtilizaci\u00f3n de la fuerza p\u00fablica<br \/>\nSanciones conminatorias pecuniarias y no pecuniarias (astreintes)<br \/>\nTerapias bajo mandato judicial<br \/>\nAuxilio de los trabajadores sociales<br \/>\nDesignaciones de tutores especiales<br \/>\nProhibiciones de salida del pa\u00eds y de no innovar respecto de la residencia de los ni\u00f1os<br \/>\nGraduaci\u00f3n de la cuota alimentaria como instrumento para lograr el cumplimiento del r\u00e9gimen de comunicaci\u00f3n<br \/>\nApercibimiento de reconsiderar el cuidado personal del hijo en la decisi\u00f3n de trasladar la guarda de un progenitor a otro<br \/>\nSanci\u00f3n de arresto<br \/>\nDa\u00f1os y perjuicios<br \/>\nPrivaci\u00f3n de la responsabilidad parental<br \/>\nApercibimiento de suspender ei r\u00e9gimen de comunicaci\u00f3n o de reducirlo<br \/>\nOtras medidas no reguladas a nivel nacional<br \/>\nMedidas aplicadas por la jurisprudencia para resguardar el contacto materno o paterno-filial<br \/>\nFallos que ordenan medidas para la recomposici\u00f3n\u00a0familiar bajo apercibimiento de fuertes sanciones y de reconsiderar la atribuci\u00f3n del cuidado personal de los hijos<br \/>\nFallos que ordenaron directamente el cambio de\u00a0cuidado personal de los hijos de un progenitor a otro<br \/>\nFallos que se valieron de herramientas particulares para garantizar el r\u00e9gimen de comunicaci\u00f3n<br \/>\nFallos que denegaron la aplicaci\u00f3n de sanciones\u00a0porque ellas no respond\u00edan a la naturaleza de la comunicaci\u00f3n materna o paterno-filial<br \/>\nSanciones de orden penal<br \/>\nCriminalizaci\u00f3n de las conductas incumplidoras<br \/>\nLey que sanciona el delito de impedimento u obstrucci\u00f3n de contacto de ni\u00f1os con sus padres no\u00a0convivientes<br \/>\nContenido y alcances de la ley 24.270<br \/>\nIntervenci\u00f3n restrictiva de la justicia penal. L\u00edmites en su actuaci\u00f3n. Jurisprudencia limitativa en la admisi\u00f3n del tipo penal<br \/>\nFallos que viabilizaron las acciones penales<br \/>\nAlgunas conclusiones en torno a la aplicaci\u00f3n de la\u00a0ley 24.270<br \/>\nDelito de sustracci\u00f3n de menores<br \/>\nFigura penal de desobediencia a la autoridad<br \/>\nINTERVENCI\u00d3N DE OTROS SUJETOS EN EL R\u00c9GIMEN DE COMUNICACI\u00d3N<br \/>\nDistintas situaciones planteadas<br \/>\nComunicaci\u00f3n pedida por padres biol\u00f3gicos respecto de hijos que est\u00e1n al cuidado de terceros<br \/>\nClasificaci\u00f3n de los supuestos<br \/>\nComunicaci\u00f3n de los progenitores con ni\u00f1os que est\u00e1n al cuidado de parientes<br \/>\nR\u00e9gimen de comunicaci\u00f3n de los progenitores con ni\u00f1os institucionalizados<br \/>\nR\u00e9gimen de comunicaci\u00f3n de padres biol\u00f3gicos con ni\u00f1os al cuidado de terceros no parientes adoptados por \u00e9stos o en v\u00edas de adopci\u00f3n<br \/>\nJurisprudencia aplicable a la comunicaci\u00f3n de los progenitores con hijos dados en adopci\u00f3n<br \/>\nFallos que desestiman los encuentros con los padres biol\u00f3gicos<br \/>\nFallos que admiten la comunicaci\u00f3n con los padres biol\u00f3gicos. La intervenci\u00f3n de la Corte Suprema de Justicia<br \/>\nR\u00e9gimen de comunicaci\u00f3n de parientes y allegados con ni\u00f1os que conviven con ambos o algunos de sus padres biol\u00f3gicos o adoptivos<br \/>\nAntecedentes. La norma del art\u00edculo 376 bis del C\u00f3digo Civil y otros preceptos de jerarqu\u00eda constitucional<br \/>\nComunicaci\u00f3n de ni\u00f1os con parientes y allegados. Distinci\u00f3n con la comunicaci\u00f3n materna o paterno-filial<br \/>\nInterpretaci\u00f3n que cab\u00eda del art\u00edculo 376 bis del C\u00f3digo Civil. El C\u00f3digo Civil y Comercial<br \/>\nR\u00e9gimen de comunicaci\u00f3n de los nietos con los abuelos<br \/>\nJurisprudencia y comunicaci\u00f3n entre los nietos y abuelos<br \/>\nFallos que admitieron la comunicaci\u00f3n entre nietos y abuelos<br \/>\nFallos que rechazaron la comunicaci\u00f3n entre nietos y abuelos<br \/>\nReflexiones y conclusiones de la jurisprudencia\u00a0analizada en relaci\u00f3n a la comunicaci\u00f3n entre abuelos y nietos<br \/>\nR\u00e9gimen de comunicaci\u00f3n de los ni\u00f1os con otros\u00a0parientes<br \/>\nR\u00e9gimen de comunicaci\u00f3n de los ni\u00f1os con allegados no parientes<br \/>\nR\u00e9gimen de comunicaci\u00f3n de parientes y allegados con ni\u00f1os que est\u00e1n al cuidado de terceros<br \/>\nComunicaci\u00f3n de parientes biol\u00f3gicos con ni\u00f1os adoptados o en miras de adopci\u00f3n<br \/>\nComunicaci\u00f3n de parientes o allegados con ni\u00f1os institucionalizados<br \/>\nPluralidad de contactos con los ni\u00f1os. Medidas .judiciales para la efectividad de la comunicaci\u00f3n<br \/>\nPluralidad de contactos con los ni\u00f1os<br \/>\nMedidas judiciales para la efectividad de la comunicaci\u00f3n<\/p>\n<p style=\"text-align: justify;\"><span style=\"color: #ff0000;\">*Al comprar la inscripci\u00f3n al Curso recibir\u00e1 en su email el link del curso o taller, nombre de usuario y contrase\u00f1a asignado para acceder a las aulas.<\/span><\/p>\n<p style=\"text-align: left;\"><strong><span style=\"color: #993366;\">Inscripci\u00f3n al Curso:<\/span><\/strong><\/p>\n<p><span style=\"font-weight: normal; color: #444444;\">        <script type=\"text\/javascript\">\n         function cp_contactformtoemail_pform_doValidate_1(form)\n         {\n            document.cp_contactformtoemail_pform_1.cp_ref_page.value = document.location;\n            $dexQuery = jQuery.noConflict();            {\n                var cpefb_error = 0;\n                $dexQuery(\"#cp_contactformtoemail_pform_1\").find(\".cpefb_error\").each(function(index){\n                    if ($dexQuery(this).css(\"display\")!=\"none\")\n                        cpefb_error++;\n                    });\n                if (cpefb_error) return false;\n                if (document.cp_contactformtoemail_pform_1.cp_contactformtoemail_pform_status.value != '0')\n                           return false;\n                document.getElementById(\"refpage_1\").value = document.location;\n                cfte_blink(\".pbSubmit\");\n                document.cp_contactformtoemail_pform_1.cp_contactformtoemail_pform_status.value = '2';return true;            }\n         }\n         function cfte_blink(selector){\n                 try {\n                     $dexQuery = jQuery.noConflict();\n                     $dexQuery(selector).fadeOut(700, function(){\n                         $dexQuery(this).fadeIn(700, function(){\n                             try {\n                                 if (document.cp_contactformtoemail_pform_1.cp_contactformtoemail_pform_status.value != '0')\n                                     cfte_blink(this);\n                             } catch (e) {}\n                         });\n                     });\n                 } catch (e) {}\n         }\n         function cp_contactformtoemail_cerror_1(){$dexQuery = jQuery.noConflict();$dexQuery(\"#hdcaptcha_error_1\").css('top',$dexQuery(\"#hdcaptcha_cp_contactformtoemail_post_1\").outerHeight());$dexQuery(\"#hdcaptcha_error_1\").css(\"display\",\"inline\");}\n        <\/script>\n        <div id=\"cftedialog\" style=\"display:none;\"><\/div>\n        <form class=\"cpp_form no-prefetch\" name=\"cp_contactformtoemail_pform_1\" id=\"cp_contactformtoemail_pform_1\" action=\"\/campus\/responsabilidad-parental\/?ahbnocache=416906\" method=\"post\" enctype=\"multipart\/form-data\" onsubmit=\"return cp_contactformtoemail_pform_doValidate_1(this);\"><input type=\"hidden\" name=\"cp_pform_psequence\" value=\"_1\" \/><input type=\"hidden\" name=\"cp_contactformtoemail_pform_process\" value=\"1\" \/><input type=\"hidden\" name=\"cp_contactformtoemail_id\" value=\"29\" \/><input type=\"hidden\" name=\"cp_ref_page\" value=\"\" \/><input type=\"hidden\" name=\"form_structure_1\" id=\"form_structure_1\" size=\"180\" value=\"[[{&quot;name&quot;:&quot;fieldname1&quot;,&quot;index&quot;:0,&quot;title&quot;:&quot;Nombre y Apellido&quot;,&quot;required&quot;:true,&quot;shortlabel&quot;:&quot;&quot;,&quot;ftype&quot;:&quot;ftext&quot;,&quot;userhelp&quot;:&quot;&quot;,&quot;userhelpTooltip&quot;:&quot;&quot;,&quot;csslayout&quot;:&quot;&quot;,&quot;predefined&quot;:&quot;&quot;,&quot;predefinedClick&quot;:false,&quot;size&quot;:&quot;medium&quot;,&quot;minlength&quot;:&quot;&quot;,&quot;maxlength&quot;:&quot;&quot;,&quot;equalTo&quot;:&quot;&quot;},{&quot;name&quot;:&quot;email&quot;,&quot;index&quot;:1,&quot;title&quot;:&quot;Email&quot;,&quot;ftype&quot;:&quot;femail&quot;,&quot;userhelp&quot;:&quot;&quot;,&quot;csslayout&quot;:&quot;&quot;,&quot;required&quot;:true,&quot;predefined&quot;:&quot;&quot;,&quot;size&quot;:&quot;medium&quot;,&quot;shortlabel&quot;:&quot;&quot;,&quot;userhelpTooltip&quot;:&quot;&quot;,&quot;predefinedClick&quot;:false,&quot;equalTo&quot;:&quot;&quot;},{&quot;name&quot;:&quot;subject&quot;,&quot;index&quot;:2,&quot;title&quot;:&quot;Tel\\u00e9fono&quot;,&quot;required&quot;:true,&quot;ftype&quot;:&quot;ftext&quot;,&quot;userhelp&quot;:&quot;&quot;,&quot;csslayout&quot;:&quot;&quot;,&quot;predefined&quot;:&quot;&quot;,&quot;size&quot;:&quot;medium&quot;,&quot;shortlabel&quot;:&quot;&quot;,&quot;userhelpTooltip&quot;:&quot;&quot;,&quot;predefinedClick&quot;:false,&quot;minlength&quot;:&quot;&quot;,&quot;maxlength&quot;:&quot;&quot;,&quot;equalTo&quot;:&quot;&quot;},{&quot;name&quot;:&quot;fieldname2&quot;,&quot;index&quot;:3,&quot;title&quot;:&quot;Domicilio&quot;,&quot;required&quot;:true,&quot;shortlabel&quot;:&quot;&quot;,&quot;ftype&quot;:&quot;ftext&quot;,&quot;userhelp&quot;:&quot;&quot;,&quot;userhelpTooltip&quot;:&quot;&quot;,&quot;csslayout&quot;:&quot;&quot;,&quot;predefined&quot;:&quot;&quot;,&quot;predefinedClick&quot;:false,&quot;size&quot;:&quot;medium&quot;,&quot;minlength&quot;:&quot;&quot;,&quot;maxlength&quot;:&quot;&quot;,&quot;equalTo&quot;:&quot;&quot;},{&quot;name&quot;:&quot;fieldname3&quot;,&quot;index&quot;:4,&quot;title&quot;:&quot;Provincia y Localidad&quot;,&quot;shortlabel&quot;:&quot;&quot;,&quot;ftype&quot;:&quot;ftext&quot;,&quot;userhelp&quot;:&quot;&quot;,&quot;userhelpTooltip&quot;:&quot;&quot;,&quot;csslayout&quot;:&quot;&quot;,&quot;predefined&quot;:&quot;&quot;,&quot;predefinedClick&quot;:false,&quot;required&quot;:false,&quot;size&quot;:&quot;medium&quot;,&quot;minlength&quot;:&quot;&quot;,&quot;maxlength&quot;:&quot;&quot;,&quot;equalTo&quot;:&quot;&quot;},{&quot;name&quot;:&quot;fieldname4&quot;,&quot;index&quot;:5,&quot;title&quot;:&quot;C\\u00f3digo Postal&quot;,&quot;shortlabel&quot;:&quot;&quot;,&quot;ftype&quot;:&quot;ftext&quot;,&quot;userhelp&quot;:&quot;&quot;,&quot;userhelpTooltip&quot;:&quot;&quot;,&quot;csslayout&quot;:&quot;&quot;,&quot;predefined&quot;:&quot;&quot;,&quot;predefinedClick&quot;:false,&quot;required&quot;:false,&quot;size&quot;:&quot;medium&quot;,&quot;minlength&quot;:&quot;&quot;,&quot;maxlength&quot;:&quot;&quot;,&quot;equalTo&quot;:&quot;&quot;},{&quot;name&quot;:&quot;fieldname5&quot;,&quot;index&quot;:6,&quot;title&quot;:&quot;Profesi\\u00f3n&quot;,&quot;shortlabel&quot;:&quot;&quot;,&quot;ftype&quot;:&quot;ftext&quot;,&quot;userhelp&quot;:&quot;&quot;,&quot;userhelpTooltip&quot;:&quot;&quot;,&quot;csslayout&quot;:&quot;&quot;,&quot;predefined&quot;:&quot;&quot;,&quot;predefinedClick&quot;:false,&quot;required&quot;:false,&quot;size&quot;:&quot;medium&quot;,&quot;minlength&quot;:&quot;&quot;,&quot;maxlength&quot;:&quot;&quot;,&quot;equalTo&quot;:&quot;&quot;},{&quot;name&quot;:&quot;fieldname6&quot;,&quot;index&quot;:7,&quot;title&quot;:&quot;Elija su nombre de usuario&quot;,&quot;required&quot;:true,&quot;shortlabel&quot;:&quot;&quot;,&quot;ftype&quot;:&quot;ftext&quot;,&quot;userhelp&quot;:&quot;&quot;,&quot;userhelpTooltip&quot;:&quot;&quot;,&quot;csslayout&quot;:&quot;&quot;,&quot;predefined&quot;:&quot;&quot;,&quot;predefinedClick&quot;:false,&quot;size&quot;:&quot;medium&quot;,&quot;minlength&quot;:&quot;&quot;,&quot;maxlength&quot;:&quot;&quot;,&quot;equalTo&quot;:&quot;&quot;},{&quot;name&quot;:&quot;fieldname7&quot;,&quot;index&quot;:8,&quot;title&quot;:&quot;Elija su contrase\\u00f1a&quot;,&quot;required&quot;:true,&quot;shortlabel&quot;:&quot;&quot;,&quot;ftype&quot;:&quot;ftext&quot;,&quot;userhelp&quot;:&quot;&quot;,&quot;userhelpTooltip&quot;:&quot;&quot;,&quot;csslayout&quot;:&quot;&quot;,&quot;predefined&quot;:&quot;&quot;,&quot;predefinedClick&quot;:false,&quot;size&quot;:&quot;medium&quot;,&quot;minlength&quot;:&quot;&quot;,&quot;maxlength&quot;:&quot;&quot;,&quot;equalTo&quot;:&quot;&quot;},{&quot;name&quot;:&quot;message&quot;,&quot;index&quot;:9,&quot;size&quot;:&quot;large&quot;,&quot;required&quot;:false,&quot;title&quot;:&quot;Detalle de su inscripci\\u00f3n:&quot;,&quot;ftype&quot;:&quot;ftextarea&quot;,&quot;userhelp&quot;:&quot;&quot;,&quot;csslayout&quot;:&quot;&quot;,&quot;predefined&quot;:&quot;Inscripci\\u00f3n al curso on line - Responsabilidad Parental. Precio: $3800 pesos (\\u00fanico pago)&quot;,&quot;shortlabel&quot;:&quot;&quot;,&quot;userhelpTooltip&quot;:&quot;&quot;,&quot;predefinedClick&quot;:false,&quot;minlength&quot;:&quot;&quot;,&quot;maxlength&quot;:&quot;&quot;}],[{&quot;title&quot;:&quot;&quot;,&quot;description&quot;:&quot;&quot;,&quot;formlayout&quot;:&quot;top_aligned&quot;}]]\" \/><input type=\"hidden\" name=\"refpage_1\" id=\"refpage_1\" value=\"\"><input type=\"hidden\" name=\"cp_contactformtoemail_pform_status\" value=\"0\" \/><input name=\"anonce\" type=\"hidden\" value=\"beb0c7e061\"\/><input name=\"cftehp\" id=\"cftehp_1\" type=\"hidden\" value=\"1\"\/>\r\n<div id=\"fbuilder\">    \r\n    <div id=\"fbuilder_1\">\r\n        <div id=\"formheader_1\"><\/div>\r\n        <div id=\"fieldlist_1\"><\/div>\r\n    <\/div>\r\n<\/div>    \r\n<div style=\"display:none\">\r\n<input name=\"cftecontrolmessage\" type=\"text\" value=\"\"\/> \r\n<div id=\"cpcaptchalayer_1\" class=\"cpcaptchalayer\">\r\n<\/div>\r\n<\/div>\r\n<div id=\"cp_subbtn_1\" class=\"cp_subbtn\">Inscribirme al curso<\/div>\r\n<\/form>\r\n<script>\r\ntry{document.getElementById(\"cftehp_1\").value=\"25\";}catch(e){}\r\n<\/script>\r\n                                  <link href=\"https:\/\/www.todoelderecho.com.ar\/campus\/wp-content\/plugins\/contact-form-to-email\/css\/stylepublic.css\" type=\"text\/css\" rel=\"stylesheet\" \/>\n                 <link href=\"https:\/\/www.todoelderecho.com.ar\/campus\/wp-content\/plugins\/contact-form-to-email\/css\/cupertino\/jquery-ui-1.8.20.custom.css\" type=\"text\/css\" rel=\"stylesheet\" \/>\n                 <script type='text\/javascript' src='https:\/\/www.todoelderecho.com.ar\/campus\/wp-content\/plugins\/contact-form-to-email\/..\/..\/..\/wp-includes\/js\/jquery\/jquery.js'><\/script>\n                 <script type='text\/javascript' src='https:\/\/www.todoelderecho.com.ar\/campus\/wp-content\/plugins\/contact-form-to-email\/..\/..\/..\/wp-includes\/js\/jquery\/ui\/core.min.js'><\/script>\n                 <script type='text\/javascript' src='https:\/\/www.todoelderecho.com.ar\/campus\/wp-content\/plugins\/contact-form-to-email\/..\/..\/..\/wp-includes\/js\/jquery\/ui\/datepicker.min.js'><\/script>\n                 <script type='text\/javascript' src='https:\/\/www.todoelderecho.com.ar\/campus\/wp-content\/plugins\/contact-form-to-email\/..\/..\/..\/wp-includes\/js\/jquery\/ui\/tooltip.min.js'><\/script>                 \n                 <script type='text\/javascript' src='https:\/\/www.todoelderecho.com.ar\/campus\/wp-content\/plugins\/contact-form-to-email\/js\/jquery.validate.js'><\/script>\n                 <script type='text\/javascript'>\n                 \/* <![CDATA[ *\/\n                 var cp_contactformtoemail_fbuilder_config_1 = {\"obj\":\"{\\\"pub\\\":true,\\\"identifier\\\":\\\"_1\\\",\\\"messages\\\": {\\n    \\t                \\t\\\"required\\\": \\\"es requerido.\\\",\\n    \\t                \\t\\\"email\\\": \\\"Ingrese su direcci\u00f3n de correo electr\u00f3nico.\\\",\\n    \\t                \\t\\\"datemmddyyyy\\\": \\\"Please enter a valid date with this format(mm\/dd\/yyyy)\\\",\\n    \\t                \\t\\\"dateddmmyyyy\\\": \\\"Please enter a valid date with this format(dd\/mm\/yyyy)\\\",\\n    \\t                \\t\\\"number\\\": \\\"Please enter a valid number.\\\",\\n    \\t                \\t\\\"digits\\\": \\\"Please enter only digits.\\\",\\n    \\t                \\t\\\"max\\\": \\\"Please enter a value less than or equal to %0%.\\\",\\n    \\t                \\t\\\"min\\\": \\\"Please enter a value greater than or equal to %0%.\\\",\\\"previous\\\": \\\"anterior\\\",\\\"next\\\": \\\"siguiente\\\"\\n    \\t                }}\"};\n                 \/* ]]> *\/\n                 <\/script>\n                 <script type='text\/javascript' src='https:\/\/www.todoelderecho.com.ar\/campus\/wp-content\/plugins\/contact-form-to-email\/js\/fbuilderf.jquery.js?nc=3'><\/script>\n                 <script type='text\/javascript' src='\/campus?cp_cfte_resources=customjs'><\/script>\n            <\/span><\/p>\n<h6 style=\"color: #555555; text-align: justify;\"><\/h6>\n<h6 style=\"color: #555555; text-align: justify;\"><\/h6>\n<h6 style=\"color: #555555; text-align: justify;\"><span style=\"color: #373737;\"><span style=\"color: #000080;\"><strong><br \/>\nFormas de Pago:<\/strong><\/span>\u00a0Puede abonar su inscripci\u00f3n mediante Tarjeta de D\u00e9bito y\/o Cr\u00e9dito, en cualquier sucursal de PagoFacil y\/o RapiPago, como as\u00ed tambi\u00e9n obtener los datos necesarios para realizar una Transferencia Electr\u00f3nica o Dep\u00f3sito Bancario.<\/span><\/h6>\n<p>&nbsp;<\/p>\n<h1 style=\"padding-left: 30px;\">Elija la forma de pago para\u00a0abonar su inscripci\u00f3n:<\/h1>\n<h1 style=\"padding-left: 30px;\"><a href=\"http:\/\/www.libreriajuridica.com.ar\/producto\/suscripcion-anual-a-bases-de-datos-de-derecho-argentino\/?add-to-cart=241\"><img decoding=\"async\" src=\"https:\/\/i0.wp.com\/www.todoelderecho.com\/bases\/flecha_roja.gif?resize=11%2C11\" alt=\"\" \/><\/a><span style=\"color: #ffffff;\">\u00a0<\/span><a title=\"Haga click aqu\u00ed para obtener e imprimir el cup\u00f3n de pago para abonar en cualquier sucursal del pa\u00eds.\" href=\"http:\/\/cuentadigital.com\/string.php?id=3152&amp;precio=3200&amp;concepto=Curso+Responsabilidad+Parental&amp;site=TodoelDerecho.com\" target=\"_blank\" rel=\"noopener noreferrer\">PagoFacil y\/o RapiPago<\/a><\/h1>\n<h1 style=\"padding-left: 30px;\"><a href=\"http:\/\/www.libreriajuridica.com.ar\/producto\/suscripcion-anual-a-bases-de-datos-de-derecho-argentino\/?add-to-cart=241\"><img decoding=\"async\" src=\"https:\/\/i0.wp.com\/www.todoelderecho.com\/bases\/flecha_roja.gif?resize=11%2C11\" alt=\"\" \/><\/a><span style=\"color: #ffffff;\">\u00a0<\/span><a title=\"Haga click aqu\u00ed para abonar con tarjeta de cr\u00e9dito hasta en 12 cuotas.\" href=\"https:\/\/biz.payulatam.com\/L08d1b6E7E057E8\">Tarjeta de D\u00e9bito y\/o Cr\u00e9dito<\/a><\/h1>\n<h1 style=\"padding-left: 30px;\"><a href=\"http:\/\/www.libreriajuridica.com.ar\/producto\/suscripcion-anual-a-bases-de-datos-de-derecho-argentino\/?add-to-cart=241\"><img decoding=\"async\" src=\"https:\/\/i0.wp.com\/www.todoelderecho.com\/bases\/flecha_roja.gif?resize=11%2C11\" alt=\"\" \/><\/a><span style=\"color: #ffffff;\">\u00a0<\/span><a title=\"Recibir\u00e1 un email con los datos necesarios para realizar una transferencia electr\u00f3nica o dep\u00f3sito bancario.\" href=\"#\">Transferencia electr\u00f3nica &#8211; Dep\u00f3sito bancario<\/a><\/h1>\n<h1 style=\"padding-left: 30px;\"><a href=\"http:\/\/www.libreriajuridica.com.ar\/producto\/suscripcion-anual-a-bases-de-datos-de-derecho-argentino\/?add-to-cart=241\"><img decoding=\"async\" src=\"https:\/\/i0.wp.com\/www.todoelderecho.com\/bases\/flecha_roja.gif?resize=11%2C11\" alt=\"\" \/><\/a><span style=\"color: #ffffff;\">\u00a0<\/span><a title=\"Puede abonar con Tarjeta de D\u00e9bito y\/o Cr\u00e9dito, PagoFacil y\/o RapiPago, Transferencia Electr\u00f3nica o Dep\u00f3sito Bancario desde nuestra tienda virtual.\" href=\"http:\/\/www.libreriajuridica.com.ar\/?add-to-cart=895\">Desde nuestra tienda virtual<\/a><\/h1>\n<h1 style=\"padding-left: 30px;\"><a href=\"http:\/\/www.libreriajuridica.com.ar\/producto\/suscripcion-anual-a-bases-de-datos-de-derecho-argentino\/?add-to-cart=241\"><\/a><\/h1>\n<p style=\"color: #444444;\"><a href=\"https:\/\/www.todoelderecho.com.ar\/campus\/shop\/cursos-y-talleres\/inscripcion-como-alumno-regular-anual\/\" target=\"_top\" rel=\"noopener noreferrer\"><img decoding=\"async\" title=\"Capacitaci\u00f3n Jur\u00eddica On Line - Cursos y Talleres\" src=\"https:\/\/www.todoelderecho.com\/publicidad3.png\" alt=\"\" width=\"691\" height=\"290\" border=\"0\" hspace=\"20\" \/><\/a><\/p>\n<p style=\"color: #444444;\"><img decoding=\"async\" src=\"https:\/\/i0.wp.com\/www.campusjuridico.com\/todas_formas2.png?w=750\" alt=\"\" width=\"550\" height=\"131\" \/><\/p>\n","protected":false},"excerpt":{"rendered":"<p>El curso est\u00e1 dirigido a profesionales, abogados, estudiantes de Derecho, profesiones a fines y p\u00fablico en general con inter\u00e9s en el Derecho de Familia, especialmente qui\u00e9nes quieran adquirir y profundizar conocimientos en cuanto al CUIDADO DE MENORES, R\u00c9GIMEN DE COMUNICACI\u00d3N. Se abordar\u00e1 el tema de estudio en forma te\u00f3rica, pr\u00e1ctica &hellip;<\/p>\n","protected":false},"author":1,"featured_media":9657,"parent":0,"menu_order":0,"comment_status":"closed","ping_status":"closed","template":"sidebar-page.php","meta":{"footnotes":""},"class_list":["post-7091","page","type-page","status-publish","has-post-thumbnail","hentry"],"_links":{"self":[{"href":"https:\/\/www.todoelderecho.com.ar\/campus\/wp-json\/wp\/v2\/pages\/7091","targetHints":{"allow":["GET"]}}],"collection":[{"href":"https:\/\/www.todoelderecho.com.ar\/campus\/wp-json\/wp\/v2\/pages"}],"about":[{"href":"https:\/\/www.todoelderecho.com.ar\/campus\/wp-json\/wp\/v2\/types\/page"}],"author":[{"embeddable":true,"href":"https:\/\/www.todoelderecho.com.ar\/campus\/wp-json\/wp\/v2\/users\/1"}],"replies":[{"embeddable":true,"href":"https:\/\/www.todoelderecho.com.ar\/campus\/wp-json\/wp\/v2\/comments?post=7091"}],"version-history":[{"count":0,"href":"https:\/\/www.todoelderecho.com.ar\/campus\/wp-json\/wp\/v2\/pages\/7091\/revisions"}],"wp:featuredmedia":[{"embeddable":true,"href":"https:\/\/www.todoelderecho.com.ar\/campus\/wp-json\/wp\/v2\/media\/9657"}],"wp:attachment":[{"href":"https:\/\/www.todoelderecho.com.ar\/campus\/wp-json\/wp\/v2\/media?parent=7091"}],"curies":[{"name":"wp","href":"https:\/\/api.w.org\/{rel}","templated":true}]}}